{"id":735,"date":"2019-08-30T17:16:28","date_gmt":"2019-08-30T16:16:28","guid":{"rendered":"http:\/\/ucd.emarkable.ie\/?post_type=events&#038;p=735"},"modified":"2020-08-31T11:59:49","modified_gmt":"2020-08-31T10:59:49","slug":"recognising-exceptional-alumni","status":"publish","type":"events","link":"https:\/\/alumni.ucd.ie\/magazine\/events\/recognising-exceptional-alumni\/","title":{"rendered":"Recognising Exceptional Alumni"},"content":{"rendered":"<p>For more than 100 years, UCD College of Business has educated leaders who have shaped business around the world. In April, over 500 guests gathered at the annual UCD Business Alumni Awards Dinner at the InterContinental in Dublin to recognise this year\u2019s Alumni Awardees.<\/p>\n<p>Business Alumnus of The Year Clare Gilmartin attained her BComm Int degree from UCD, and went on to work at Unilever and Boston Consulting Group before spending ten years at eBay. She was appointed CEO of Trainline, a digital rail and coach ticket-selling platform in June 2014 and has since led a period of rapid expansion across Europe and Asia. <em>(Read an interview with Clare Gilmartin on page 40).<\/em><\/p>\n<p>Also honoured with an award was Tara McCarthy, CEO of Bord Bia, who has over 20 years\u2019 experience in the food industry and was previously CEO of Bord Iascaigh Mhara. Tara holds a BComm degree with an MBS in Marketing from Smurfit Business School, and is an affiliate of IMD Business School, Switzerland.<\/p>\n<p>We were also delighted to honour Dr Laurence G Crowley CBE, acknowledging his Outstanding Contribution to Business Education.<\/p>\n<p>The UCD Business Alumni of the Year Awards Dinner 2019 was proudly sponsored by KPMG.<\/p>\n<div class=\"ucd-gallery\"><div class=\"ucd-gallery-slider-nav\">\r\n\t\t\t  <div class=\"ucd-item\">\r\n\t\t\t\t<img loading=\"lazy\" decoding=\"async\" src=\"https:\/\/alumni.ucd.ie\/magazine\/wp-content\/uploads\/2019\/08\/1--150x150.jpg\" width=\"150\" height=\"150\" alt=\"\" class=\"ucd-gallery-thumb\" \/>\r\n\t\t\t  <\/div>\t \r\n\t\t\t\r\n\t\t\t  <div class=\"ucd-item\">\r\n\t\t\t\t<img loading=\"lazy\" decoding=\"async\" src=\"https:\/\/alumni.ucd.ie\/magazine\/wp-content\/uploads\/2019\/08\/2-150x150.jpg\" width=\"150\" height=\"150\" alt=\"\" class=\"ucd-gallery-thumb\" \/>\r\n\t\t\t  <\/div>\t \r\n\t\t\t\r\n\t\t\t  <div class=\"ucd-item\">\r\n\t\t\t\t<img loading=\"lazy\" decoding=\"async\" src=\"https:\/\/alumni.ucd.ie\/magazine\/wp-content\/uploads\/2019\/08\/3-150x150.jpg\" width=\"150\" height=\"150\" alt=\"\" class=\"ucd-gallery-thumb\" \/>\r\n\t\t\t  <\/div>\t \r\n\t\t\t\r\n\t\t\t  <div class=\"ucd-item\">\r\n\t\t\t\t<img loading=\"lazy\" decoding=\"async\" src=\"https:\/\/alumni.ucd.ie\/magazine\/wp-content\/uploads\/2019\/08\/4-150x150.jpg\" width=\"150\" height=\"150\" alt=\"\" class=\"ucd-gallery-thumb\" \/>\r\n\t\t\t  <\/div>\t \r\n\t\t\t\r\n\t\t\t  <div class=\"ucd-item\">\r\n\t\t\t\t<img loading=\"lazy\" decoding=\"async\" src=\"https:\/\/alumni.ucd.ie\/magazine\/wp-content\/uploads\/2019\/08\/5-150x150.jpg\" width=\"150\" height=\"150\" alt=\"\" class=\"ucd-gallery-thumb\" \/>\r\n\t\t\t  <\/div>\t \r\n\t\t\t\r\n\t\t\t  <div class=\"ucd-item\">\r\n\t\t\t\t<img loading=\"lazy\" decoding=\"async\" src=\"https:\/\/alumni.ucd.ie\/magazine\/wp-content\/uploads\/2019\/08\/6-150x150.jpg\" width=\"150\" height=\"150\" alt=\"\" class=\"ucd-gallery-thumb\" \/>\r\n\t\t\t  <\/div>\t \r\n\t\t\t\r\n\t\t\t  <div class=\"ucd-item\">\r\n\t\t\t\t<img loading=\"lazy\" decoding=\"async\" src=\"https:\/\/alumni.ucd.ie\/magazine\/wp-content\/uploads\/2019\/08\/7-150x150.jpg\" width=\"150\" height=\"150\" alt=\"\" class=\"ucd-gallery-thumb\" \/>\r\n\t\t\t  <\/div>\t \r\n\t\t\t\r\n\t\t\t  <div class=\"ucd-item\">\r\n\t\t\t\t<img loading=\"lazy\" decoding=\"async\" src=\"https:\/\/alumni.ucd.ie\/magazine\/wp-content\/uploads\/2019\/08\/8-150x150.jpg\" width=\"150\" height=\"150\" alt=\"\" class=\"ucd-gallery-thumb\" \/>\r\n\t\t\t  <\/div>\t \r\n\t\t\t\r\n\t\t\t  <div class=\"ucd-item\">\r\n\t\t\t\t<img loading=\"lazy\" decoding=\"async\" src=\"https:\/\/alumni.ucd.ie\/magazine\/wp-content\/uploads\/2019\/08\/9-150x150.jpg\" width=\"150\" height=\"150\" alt=\"\" class=\"ucd-gallery-thumb\" \/>\r\n\t\t\t  <\/div>\t \r\n\t\t\t\r\n\t\t\t  <div class=\"ucd-item\">\r\n\t\t\t\t<img loading=\"lazy\" decoding=\"async\" src=\"https:\/\/alumni.ucd.ie\/magazine\/wp-content\/uploads\/2019\/08\/10-150x150.jpg\" width=\"150\" height=\"150\" alt=\"\" class=\"ucd-gallery-thumb\" \/>\r\n\t\t\t  <\/div>\t \r\n\t\t\t\r\n\t\t\t  <div class=\"ucd-item\">\r\n\t\t\t\t<img loading=\"lazy\" decoding=\"async\" src=\"https:\/\/alumni.ucd.ie\/magazine\/wp-content\/uploads\/2019\/08\/11-150x150.jpg\" width=\"150\" height=\"150\" alt=\"\" class=\"ucd-gallery-thumb\" \/>\r\n\t\t\t  <\/div>\t \r\n\t\t\t\r\n\t\t\t  <div class=\"ucd-item\">\r\n\t\t\t\t<img loading=\"lazy\" decoding=\"async\" src=\"https:\/\/alumni.ucd.ie\/magazine\/wp-content\/uploads\/2019\/08\/12-150x150.jpg\" width=\"150\" height=\"150\" alt=\"\" class=\"ucd-gallery-thumb\" \/>\r\n\t\t\t  <\/div>\t \r\n\t\t\t\r\n\t\t\t  <div class=\"ucd-item\">\r\n\t\t\t\t<img loading=\"lazy\" decoding=\"async\" src=\"https:\/\/alumni.ucd.ie\/magazine\/wp-content\/uploads\/2019\/08\/13-150x150.jpg\" width=\"150\" height=\"150\" alt=\"\" class=\"ucd-gallery-thumb\" \/>\r\n\t\t\t  <\/div>\t \r\n\t\t\t\r\n\t\t\t  <div class=\"ucd-item\">\r\n\t\t\t\t<img loading=\"lazy\" decoding=\"async\" src=\"https:\/\/alumni.ucd.ie\/magazine\/wp-content\/uploads\/2019\/08\/14-150x150.jpg\" width=\"150\" height=\"150\" alt=\"\" class=\"ucd-gallery-thumb\" \/>\r\n\t\t\t  <\/div>\t \r\n\t\t\t\r\n\t\t\t  <div class=\"ucd-item\">\r\n\t\t\t\t<img loading=\"lazy\" decoding=\"async\" src=\"https:\/\/alumni.ucd.ie\/magazine\/wp-content\/uploads\/2019\/08\/15-150x150.jpg\" width=\"150\" height=\"150\" alt=\"\" class=\"ucd-gallery-thumb\" \/>\r\n\t\t\t  <\/div>\t \r\n\t\t\t<\/div>\r\n\t\t\t<div class=\"ucd-gallery-slider-holder\">\r\n\t\t\t\t<div class=\"ucd-gallery-slider-before\" aria-hidden=\"true\"><i class=\"fal fa-search-plus\"><\/i> Click to enlarge<\/div>\r\n\t\t\t\t<div class=\"ucd-gallery-slider\" aria-hidden=\"true\">\r\n\t\t\t<div class=\"ucd-item\">\r\n\t\t\t\t<a data-fancybox=\"gallery\" href=\"https:\/\/alumni.ucd.ie\/magazine\/wp-content\/uploads\/2019\/08\/1-.jpg\" rel=\"nofollow\">\r\n\t\t\t\t\t<img loading=\"lazy\" decoding=\"async\" src=\"https:\/\/alumni.ucd.ie\/magazine\/wp-content\/uploads\/2019\/08\/1--1024x652.jpg\" width=\"640\" height=\"408\" alt=\"\" \/>\r\n\t\t\t\t\t<div class=\"caption\"><div class=\"typewriter\">Shaun Murphy, Tara Collins, Karl McEntegart, Tara McCarthy, Clare Gilmartin, Professor Anthony Brabazon, Anna Carthy,\nDr Laurence G Crowley, UCD President, Professor Andrew J Deeks and Liam FitzGerald. <\/div><\/div>\r\n\t\t\t\t<\/a>\r\n\t\t\t<\/div>\r\n\t\t\t\r\n\t\t\t<div class=\"ucd-item\">\r\n\t\t\t\t<a data-fancybox=\"gallery\" href=\"https:\/\/alumni.ucd.ie\/magazine\/wp-content\/uploads\/2019\/08\/2.jpg\" rel=\"nofollow\">\r\n\t\t\t\t\t<img loading=\"lazy\" decoding=\"async\" src=\"https:\/\/alumni.ucd.ie\/magazine\/wp-content\/uploads\/2019\/08\/2-721x1024.jpg\" width=\"640\" height=\"909\" alt=\"\" \/>\r\n\t\t\t\t\t<div class=\"caption\"><div class=\"typewriter\">Alan and Michelle Ennis.<\/div><\/div>\r\n\t\t\t\t<\/a>\r\n\t\t\t<\/div>\r\n\t\t\t\r\n\t\t\t<div class=\"ucd-item\">\r\n\t\t\t\t<a data-fancybox=\"gallery\" href=\"https:\/\/alumni.ucd.ie\/magazine\/wp-content\/uploads\/2019\/08\/3.jpg\" rel=\"nofollow\">\r\n\t\t\t\t\t<img loading=\"lazy\" decoding=\"async\" src=\"https:\/\/alumni.ucd.ie\/magazine\/wp-content\/uploads\/2019\/08\/3-1024x683.jpg\" width=\"640\" height=\"427\" alt=\"\" \/>\r\n\t\t\t\t\t<div class=\"caption\"><div class=\"typewriter\">Se\u00e1n P\u00e1irc\u00e9ir, Paul Flynn and Maire O\u2019Connor.<\/div><\/div>\r\n\t\t\t\t<\/a>\r\n\t\t\t<\/div>\r\n\t\t\t\r\n\t\t\t<div class=\"ucd-item\">\r\n\t\t\t\t<a data-fancybox=\"gallery\" href=\"https:\/\/alumni.ucd.ie\/magazine\/wp-content\/uploads\/2019\/08\/4.jpg\" rel=\"nofollow\">\r\n\t\t\t\t\t<img loading=\"lazy\" decoding=\"async\" src=\"https:\/\/alumni.ucd.ie\/magazine\/wp-content\/uploads\/2019\/08\/4-1024x683.jpg\" width=\"640\" height=\"427\" alt=\"\" \/>\r\n\t\t\t\t\t<div class=\"caption\"><div class=\"typewriter\">Aspire Scholarship Network. <\/div><\/div>\r\n\t\t\t\t<\/a>\r\n\t\t\t<\/div>\r\n\t\t\t\r\n\t\t\t<div class=\"ucd-item\">\r\n\t\t\t\t<a data-fancybox=\"gallery\" href=\"https:\/\/alumni.ucd.ie\/magazine\/wp-content\/uploads\/2019\/08\/5.jpg\" rel=\"nofollow\">\r\n\t\t\t\t\t<img loading=\"lazy\" decoding=\"async\" src=\"https:\/\/alumni.ucd.ie\/magazine\/wp-content\/uploads\/2019\/08\/5-1024x683.jpg\" width=\"640\" height=\"427\" alt=\"\" \/>\r\n\t\t\t\t\t<div class=\"caption\"><div class=\"typewriter\">Liam FitzGerald. <\/div><\/div>\r\n\t\t\t\t<\/a>\r\n\t\t\t<\/div>\r\n\t\t\t\r\n\t\t\t<div class=\"ucd-item\">\r\n\t\t\t\t<a data-fancybox=\"gallery\" href=\"https:\/\/alumni.ucd.ie\/magazine\/wp-content\/uploads\/2019\/08\/6.jpg\" rel=\"nofollow\">\r\n\t\t\t\t\t<img loading=\"lazy\" decoding=\"async\" src=\"https:\/\/alumni.ucd.ie\/magazine\/wp-content\/uploads\/2019\/08\/6-750x1024.jpg\" width=\"640\" height=\"874\" alt=\"\" \/>\r\n\t\t\t\t\t<div class=\"caption\"><div class=\"typewriter\">Professor Gerardine Doyle and Dr Linda Deeks.<\/div><\/div>\r\n\t\t\t\t<\/a>\r\n\t\t\t<\/div>\r\n\t\t\t\r\n\t\t\t<div class=\"ucd-item\">\r\n\t\t\t\t<a data-fancybox=\"gallery\" href=\"https:\/\/alumni.ucd.ie\/magazine\/wp-content\/uploads\/2019\/08\/7.jpg\" rel=\"nofollow\">\r\n\t\t\t\t\t<img loading=\"lazy\" decoding=\"async\" src=\"https:\/\/alumni.ucd.ie\/magazine\/wp-content\/uploads\/2019\/08\/7-1024x681.jpg\" width=\"640\" height=\"426\" alt=\"\" \/>\r\n\t\t\t\t\t<div class=\"caption\"><div class=\"typewriter\"> John Curran, Gillian Durnin, Avril Donohue, Elaine Aherne and Ruth Murphy.<\/div><\/div>\r\n\t\t\t\t<\/a>\r\n\t\t\t<\/div>\r\n\t\t\t\r\n\t\t\t<div class=\"ucd-item\">\r\n\t\t\t\t<a data-fancybox=\"gallery\" href=\"https:\/\/alumni.ucd.ie\/magazine\/wp-content\/uploads\/2019\/08\/8.jpg\" rel=\"nofollow\">\r\n\t\t\t\t\t<img loading=\"lazy\" decoding=\"async\" src=\"https:\/\/alumni.ucd.ie\/magazine\/wp-content\/uploads\/2019\/08\/8-1024x683.jpg\" width=\"640\" height=\"427\" alt=\"\" \/>\r\n\t\t\t\t\t<div class=\"caption\"><div class=\"typewriter\">Guests at the Alumni Awards. <\/div><\/div>\r\n\t\t\t\t<\/a>\r\n\t\t\t<\/div>\r\n\t\t\t\r\n\t\t\t<div class=\"ucd-item\">\r\n\t\t\t\t<a data-fancybox=\"gallery\" href=\"https:\/\/alumni.ucd.ie\/magazine\/wp-content\/uploads\/2019\/08\/9.jpg\" rel=\"nofollow\">\r\n\t\t\t\t\t<img loading=\"lazy\" decoding=\"async\" src=\"https:\/\/alumni.ucd.ie\/magazine\/wp-content\/uploads\/2019\/08\/9-683x1024.jpg\" width=\"640\" height=\"960\" alt=\"\" \/>\r\n\t\t\t\t\t<div class=\"caption\"><div class=\"typewriter\">Alison Cowzer, Michael Carey and Charlie Stoney.<\/div><\/div>\r\n\t\t\t\t<\/a>\r\n\t\t\t<\/div>\r\n\t\t\t\r\n\t\t\t<div class=\"ucd-item\">\r\n\t\t\t\t<a data-fancybox=\"gallery\" href=\"https:\/\/alumni.ucd.ie\/magazine\/wp-content\/uploads\/2019\/08\/10.jpg\" rel=\"nofollow\">\r\n\t\t\t\t\t<img loading=\"lazy\" decoding=\"async\" src=\"https:\/\/alumni.ucd.ie\/magazine\/wp-content\/uploads\/2019\/08\/10-1024x683.jpg\" width=\"640\" height=\"427\" alt=\"\" \/>\r\n\t\t\t\t\t<div class=\"caption\"><div class=\"typewriter\">Pat McCann, Breege O\u2019Donoghue and Domhnal Slattery.<\/div><\/div>\r\n\t\t\t\t<\/a>\r\n\t\t\t<\/div>\r\n\t\t\t\r\n\t\t\t<div class=\"ucd-item\">\r\n\t\t\t\t<a data-fancybox=\"gallery\" href=\"https:\/\/alumni.ucd.ie\/magazine\/wp-content\/uploads\/2019\/08\/11.jpg\" rel=\"nofollow\">\r\n\t\t\t\t\t<img loading=\"lazy\" decoding=\"async\" src=\"https:\/\/alumni.ucd.ie\/magazine\/wp-content\/uploads\/2019\/08\/11-1024x683.jpg\" width=\"640\" height=\"427\" alt=\"\" \/>\r\n\t\t\t\t\t<div class=\"caption\"><div class=\"typewriter\">Dr Laurence G Crowley CBE and Professor Deeks.<\/div><\/div>\r\n\t\t\t\t<\/a>\r\n\t\t\t<\/div>\r\n\t\t\t\r\n\t\t\t<div class=\"ucd-item\">\r\n\t\t\t\t<a data-fancybox=\"gallery\" href=\"https:\/\/alumni.ucd.ie\/magazine\/wp-content\/uploads\/2019\/08\/12.jpg\" rel=\"nofollow\">\r\n\t\t\t\t\t<img loading=\"lazy\" decoding=\"async\" src=\"https:\/\/alumni.ucd.ie\/magazine\/wp-content\/uploads\/2019\/08\/12-787x1024.jpg\" width=\"640\" height=\"833\" alt=\"\" \/>\r\n\t\t\t\t\t<div class=\"caption\"><div class=\"typewriter\">Niall FitzGerald KBE and Tara Collins. <\/div><\/div>\r\n\t\t\t\t<\/a>\r\n\t\t\t<\/div>\r\n\t\t\t\r\n\t\t\t<div class=\"ucd-item\">\r\n\t\t\t\t<a data-fancybox=\"gallery\" href=\"https:\/\/alumni.ucd.ie\/magazine\/wp-content\/uploads\/2019\/08\/13.jpg\" rel=\"nofollow\">\r\n\t\t\t\t\t<img loading=\"lazy\" decoding=\"async\" src=\"https:\/\/alumni.ucd.ie\/magazine\/wp-content\/uploads\/2019\/08\/13-1024x683.jpg\" width=\"640\" height=\"427\" alt=\"\" \/>\r\n\t\t\t\t\t<div class=\"caption\"><div class=\"typewriter\">Mary McAleese.<\/div><\/div>\r\n\t\t\t\t<\/a>\r\n\t\t\t<\/div>\r\n\t\t\t\r\n\t\t\t<div class=\"ucd-item\">\r\n\t\t\t\t<a data-fancybox=\"gallery\" href=\"https:\/\/alumni.ucd.ie\/magazine\/wp-content\/uploads\/2019\/08\/14.jpg\" rel=\"nofollow\">\r\n\t\t\t\t\t<img loading=\"lazy\" decoding=\"async\" src=\"https:\/\/alumni.ucd.ie\/magazine\/wp-content\/uploads\/2019\/08\/14-682x1024.jpg\" width=\"640\" height=\"961\" alt=\"\" \/>\r\n\t\t\t\t\t<div class=\"caption\"><div class=\"typewriter\">Cyril McGuire and Aidan Browne.<\/div><\/div>\r\n\t\t\t\t<\/a>\r\n\t\t\t<\/div>\r\n\t\t\t\r\n\t\t\t<div class=\"ucd-item\">\r\n\t\t\t\t<a data-fancybox=\"gallery\" href=\"https:\/\/alumni.ucd.ie\/magazine\/wp-content\/uploads\/2019\/08\/15.jpg\" rel=\"nofollow\">\r\n\t\t\t\t\t<img loading=\"lazy\" decoding=\"async\" src=\"https:\/\/alumni.ucd.ie\/magazine\/wp-content\/uploads\/2019\/08\/15-1024x683.jpg\" width=\"640\" height=\"427\" alt=\"\" \/>\r\n\t\t\t\t\t<div class=\"caption\"><div class=\"typewriter\">Shaun Kelly, Dr Laurence G Crowley CBE and Jonathan Crowley.<\/div><\/div>\r\n\t\t\t\t<\/a>\r\n\t\t\t<\/div>\r\n\t\t\t<\/div>\r\n\t\t\t<\/div>\r\n\t\t\t<\/div>\n","protected":false},"excerpt":{"rendered":"<p>For more than 100 years, UCD College of Business has educated leaders who have shaped business around the world. In April, over 500 guests gathered at the annual UCD Business Alumni Awards Dinner at the InterContinental in Dublin to recognise this year\u2019s Alumni Awardees. Business Alumnus of The Year Clare Gilmartin attained her BComm Int&#8230;<\/p>\n","protected":false},"featured_media":736,"template":"","event_categories":[52],"class_list":["post-735","events","type-events","status-publish","has-post-thumbnail","hentry","event_categories-52"],"acf":[],"yoast_head":"<!-- This site is optimized with the Yoast SEO plugin v23.3 - https:\/\/yoast.com\/wordpress\/plugins\/seo\/ -->\n<title>Recognising Exceptional Alumni - 2019 Alumni Relations - UCD Connections<\/title>\n<meta name=\"robots\" content=\"index, follow, max-snippet:-1, max-image-preview:large, max-video-preview:-1\" \/>\n<link rel=\"canonical\" href=\"https:\/\/alumni.ucd.ie\/magazine\/events\/recognising-exceptional-alumni\/\" \/>\n<meta property=\"og:locale\" content=\"en_GB\" \/>\n<meta property=\"og:type\" content=\"article\" \/>\n<meta property=\"og:title\" content=\"Recognising Exceptional Alumni - 2019 Alumni Relations - UCD Connections\" \/>\n<meta property=\"og:description\" content=\"For more than 100 years, UCD College of Business has educated leaders who have shaped business around the world. In April, over 500 guests gathered at the annual UCD Business Alumni Awards Dinner at the InterContinental in Dublin to recognise this year\u2019s Alumni Awardees. Business Alumnus of The Year Clare Gilmartin attained her BComm Int...\" \/>\n<meta property=\"og:url\" content=\"https:\/\/alumni.ucd.ie\/magazine\/events\/recognising-exceptional-alumni\/\" \/>\n<meta property=\"og:site_name\" content=\"UCD Connections\" \/>\n<meta property=\"article:publisher\" content=\"http:\/\/www.facebook.com\/UCD.Alumni\" \/>\n<meta property=\"article:modified_time\" content=\"2020-08-31T10:59:49+00:00\" \/>\n<meta property=\"og:image\" content=\"https:\/\/alumni.ucd.ie\/magazine\/wp-content\/uploads\/2019\/08\/1-.jpg\" \/>\n\t<meta property=\"og:image:width\" content=\"1200\" \/>\n\t<meta property=\"og:image:height\" content=\"764\" \/>\n\t<meta property=\"og:image:type\" content=\"image\/jpeg\" \/>\n<meta name=\"twitter:card\" content=\"summary_large_image\" \/>\n<meta name=\"twitter:label1\" content=\"Estimated reading time\" \/>\n\t<meta name=\"twitter:data1\" content=\"1 minute\" \/>\n<script type=\"application\/ld+json\" class=\"yoast-schema-graph\">{\"@context\":\"https:\/\/schema.org\",\"@graph\":[{\"@type\":\"WebPage\",\"@id\":\"https:\/\/alumni.ucd.ie\/magazine\/events\/recognising-exceptional-alumni\/\",\"url\":\"https:\/\/alumni.ucd.ie\/magazine\/events\/recognising-exceptional-alumni\/\",\"name\":\"Recognising Exceptional Alumni - 2019 Alumni Relations - UCD Connections\",\"isPartOf\":{\"@id\":\"https:\/\/alumni.ucd.ie\/magazine\/#website\"},\"primaryImageOfPage\":{\"@id\":\"https:\/\/alumni.ucd.ie\/magazine\/events\/recognising-exceptional-alumni\/#primaryimage\"},\"image\":{\"@id\":\"https:\/\/alumni.ucd.ie\/magazine\/events\/recognising-exceptional-alumni\/#primaryimage\"},\"thumbnailUrl\":\"https:\/\/alumni.ucd.ie\/magazine\/wp-content\/uploads\/2019\/08\/1-.jpg\",\"datePublished\":\"2019-08-30T16:16:28+00:00\",\"dateModified\":\"2020-08-31T10:59:49+00:00\",\"breadcrumb\":{\"@id\":\"https:\/\/alumni.ucd.ie\/magazine\/events\/recognising-exceptional-alumni\/#breadcrumb\"},\"inLanguage\":\"en-GB\",\"potentialAction\":[{\"@type\":\"ReadAction\",\"target\":[\"https:\/\/alumni.ucd.ie\/magazine\/events\/recognising-exceptional-alumni\/\"]}]},{\"@type\":\"ImageObject\",\"inLanguage\":\"en-GB\",\"@id\":\"https:\/\/alumni.ucd.ie\/magazine\/events\/recognising-exceptional-alumni\/#primaryimage\",\"url\":\"https:\/\/alumni.ucd.ie\/magazine\/wp-content\/uploads\/2019\/08\/1-.jpg\",\"contentUrl\":\"https:\/\/alumni.ucd.ie\/magazine\/wp-content\/uploads\/2019\/08\/1-.jpg\",\"width\":1200,\"height\":764,\"caption\":\"Shaun Murphy, Tara Collins, Karl McEntegart, Tara McCarthy, Clare Gilmartin, Professor Anthony Brabazon, Anna Carthy, Dr Laurence G Crowley, UCD President, Professor Andrew J Deeks and Liam FitzGerald.\"},{\"@type\":\"BreadcrumbList\",\"@id\":\"https:\/\/alumni.ucd.ie\/magazine\/events\/recognising-exceptional-alumni\/#breadcrumb\",\"itemListElement\":[{\"@type\":\"ListItem\",\"position\":1,\"name\":\"Home\",\"item\":\"https:\/\/alumni.ucd.ie\/magazine\/\"},{\"@type\":\"ListItem\",\"position\":2,\"name\":\"Events\",\"item\":\"https:\/\/alumni.ucd.ie\/magazine\/events\/\"},{\"@type\":\"ListItem\",\"position\":3,\"name\":\"Recognising Exceptional Alumni\"}]},{\"@type\":\"WebSite\",\"@id\":\"https:\/\/alumni.ucd.ie\/magazine\/#website\",\"url\":\"https:\/\/alumni.ucd.ie\/magazine\/\",\"name\":\"UCD Connections\",\"description\":\"\",\"publisher\":{\"@id\":\"https:\/\/alumni.ucd.ie\/magazine\/#organization\"},\"potentialAction\":[{\"@type\":\"SearchAction\",\"target\":{\"@type\":\"EntryPoint\",\"urlTemplate\":\"https:\/\/alumni.ucd.ie\/magazine\/?s={search_term_string}\"},\"query-input\":\"required name=search_term_string\"}],\"inLanguage\":\"en-GB\"},{\"@type\":\"Organization\",\"@id\":\"https:\/\/alumni.ucd.ie\/magazine\/#organization\",\"name\":\"UCD Connections - Alumni Magazine\",\"url\":\"https:\/\/alumni.ucd.ie\/magazine\/\",\"logo\":{\"@type\":\"ImageObject\",\"inLanguage\":\"en-GB\",\"@id\":\"https:\/\/alumni.ucd.ie\/magazine\/#\/schema\/logo\/image\/\",\"url\":\"https:\/\/alumni.ucd.ie\/magazine\/wp-content\/uploads\/2019\/07\/UCD-Connections-logo.jpg\",\"contentUrl\":\"https:\/\/alumni.ucd.ie\/magazine\/wp-content\/uploads\/2019\/07\/UCD-Connections-logo.jpg\",\"width\":312,\"height\":149,\"caption\":\"UCD Connections - Alumni Magazine\"},\"image\":{\"@id\":\"https:\/\/alumni.ucd.ie\/magazine\/#\/schema\/logo\/image\/\"},\"sameAs\":[\"http:\/\/www.facebook.com\/UCD.Alumni\",\"https:\/\/www.instagram.com\/ucdalumni\/\",\"https:\/\/www.linkedin.com\/in\/ucdalumni\",\"http:\/\/www.youtube.com\/user\/UCDAlumni1\"]}]}<\/script>\n<!-- \/ Yoast SEO plugin. -->","yoast_head_json":{"title":"Recognising Exceptional Alumni - 2019 Alumni Relations - UCD Connections","robots":{"index":"index","follow":"follow","max-snippet":"max-snippet:-1","max-image-preview":"max-image-preview:large","max-video-preview":"max-video-preview:-1"},"canonical":"https:\/\/alumni.ucd.ie\/magazine\/events\/recognising-exceptional-alumni\/","og_locale":"en_GB","og_type":"article","og_title":"Recognising Exceptional Alumni - 2019 Alumni Relations - UCD Connections","og_description":"For more than 100 years, UCD College of Business has educated leaders who have shaped business around the world. In April, over 500 guests gathered at the annual UCD Business Alumni Awards Dinner at the InterContinental in Dublin to recognise this year\u2019s Alumni Awardees. Business Alumnus of The Year Clare Gilmartin attained her BComm Int...","og_url":"https:\/\/alumni.ucd.ie\/magazine\/events\/recognising-exceptional-alumni\/","og_site_name":"UCD Connections","article_publisher":"http:\/\/www.facebook.com\/UCD.Alumni","article_modified_time":"2020-08-31T10:59:49+00:00","og_image":[{"width":1200,"height":764,"url":"https:\/\/alumni.ucd.ie\/magazine\/wp-content\/uploads\/2019\/08\/1-.jpg","type":"image\/jpeg"}],"twitter_card":"summary_large_image","twitter_misc":{"Estimated reading time":"1 minute"},"schema":{"@context":"https:\/\/schema.org","@graph":[{"@type":"WebPage","@id":"https:\/\/alumni.ucd.ie\/magazine\/events\/recognising-exceptional-alumni\/","url":"https:\/\/alumni.ucd.ie\/magazine\/events\/recognising-exceptional-alumni\/","name":"Recognising Exceptional Alumni - 2019 Alumni Relations - UCD Connections","isPartOf":{"@id":"https:\/\/alumni.ucd.ie\/magazine\/#website"},"primaryImageOfPage":{"@id":"https:\/\/alumni.ucd.ie\/magazine\/events\/recognising-exceptional-alumni\/#primaryimage"},"image":{"@id":"https:\/\/alumni.ucd.ie\/magazine\/events\/recognising-exceptional-alumni\/#primaryimage"},"thumbnailUrl":"https:\/\/alumni.ucd.ie\/magazine\/wp-content\/uploads\/2019\/08\/1-.jpg","datePublished":"2019-08-30T16:16:28+00:00","dateModified":"2020-08-31T10:59:49+00:00","breadcrumb":{"@id":"https:\/\/alumni.ucd.ie\/magazine\/events\/recognising-exceptional-alumni\/#breadcrumb"},"inLanguage":"en-GB","potentialAction":[{"@type":"ReadAction","target":["https:\/\/alumni.ucd.ie\/magazine\/events\/recognising-exceptional-alumni\/"]}]},{"@type":"ImageObject","inLanguage":"en-GB","@id":"https:\/\/alumni.ucd.ie\/magazine\/events\/recognising-exceptional-alumni\/#primaryimage","url":"https:\/\/alumni.ucd.ie\/magazine\/wp-content\/uploads\/2019\/08\/1-.jpg","contentUrl":"https:\/\/alumni.ucd.ie\/magazine\/wp-content\/uploads\/2019\/08\/1-.jpg","width":1200,"height":764,"caption":"Shaun Murphy, Tara Collins, Karl McEntegart, Tara McCarthy, Clare Gilmartin, Professor Anthony Brabazon, Anna Carthy, Dr Laurence G Crowley, UCD President, Professor Andrew J Deeks and Liam FitzGerald."},{"@type":"BreadcrumbList","@id":"https:\/\/alumni.ucd.ie\/magazine\/events\/recognising-exceptional-alumni\/#breadcrumb","itemListElement":[{"@type":"ListItem","position":1,"name":"Home","item":"https:\/\/alumni.ucd.ie\/magazine\/"},{"@type":"ListItem","position":2,"name":"Events","item":"https:\/\/alumni.ucd.ie\/magazine\/events\/"},{"@type":"ListItem","position":3,"name":"Recognising Exceptional Alumni"}]},{"@type":"WebSite","@id":"https:\/\/alumni.ucd.ie\/magazine\/#website","url":"https:\/\/alumni.ucd.ie\/magazine\/","name":"UCD Connections","description":"","publisher":{"@id":"https:\/\/alumni.ucd.ie\/magazine\/#organization"},"potentialAction":[{"@type":"SearchAction","target":{"@type":"EntryPoint","urlTemplate":"https:\/\/alumni.ucd.ie\/magazine\/?s={search_term_string}"},"query-input":"required name=search_term_string"}],"inLanguage":"en-GB"},{"@type":"Organization","@id":"https:\/\/alumni.ucd.ie\/magazine\/#organization","name":"UCD Connections - Alumni Magazine","url":"https:\/\/alumni.ucd.ie\/magazine\/","logo":{"@type":"ImageObject","inLanguage":"en-GB","@id":"https:\/\/alumni.ucd.ie\/magazine\/#\/schema\/logo\/image\/","url":"https:\/\/alumni.ucd.ie\/magazine\/wp-content\/uploads\/2019\/07\/UCD-Connections-logo.jpg","contentUrl":"https:\/\/alumni.ucd.ie\/magazine\/wp-content\/uploads\/2019\/07\/UCD-Connections-logo.jpg","width":312,"height":149,"caption":"UCD Connections - Alumni Magazine"},"image":{"@id":"https:\/\/alumni.ucd.ie\/magazine\/#\/schema\/logo\/image\/"},"sameAs":["http:\/\/www.facebook.com\/UCD.Alumni","https:\/\/www.instagram.com\/ucdalumni\/","https:\/\/www.linkedin.com\/in\/ucdalumni","http:\/\/www.youtube.com\/user\/UCDAlumni1"]}]}},"_links":{"self":[{"href":"https:\/\/alumni.ucd.ie\/magazine\/wp-json\/wp\/v2\/events\/735"}],"collection":[{"href":"https:\/\/alumni.ucd.ie\/magazine\/wp-json\/wp\/v2\/events"}],"about":[{"href":"https:\/\/alumni.ucd.ie\/magazine\/wp-json\/wp\/v2\/types\/events"}],"wp:featuredmedia":[{"embeddable":true,"href":"https:\/\/alumni.ucd.ie\/magazine\/wp-json\/wp\/v2\/media\/736"}],"wp:attachment":[{"href":"https:\/\/alumni.ucd.ie\/magazine\/wp-json\/wp\/v2\/media?parent=735"}],"wp:term":[{"taxonomy":"event_categories","embeddable":true,"href":"https:\/\/alumni.ucd.ie\/magazine\/wp-json\/wp\/v2\/event_categories?post=735"}],"curies":[{"name":"wp","href":"https:\/\/api.w.org\/{rel}","templated":true}]}}