{"id":11453,"date":"2026-08-19T14:29:54","date_gmt":"2026-08-19T13:29:54","guid":{"rendered":"https:\/\/alumni.ucd.ie\/magazine\/?post_type=events&#038;p=11453"},"modified":"2026-08-26T11:29:20","modified_gmt":"2026-08-26T10:29:20","slug":"global-2026","status":"publish","type":"events","link":"https:\/\/alumni.ucd.ie\/magazine\/events\/global-2026\/","title":{"rendered":"Global"},"content":{"rendered":"\n<p class=\"wp-block-paragraph\"><strong>NORTH AMERICA<\/strong><\/p>\n\n\n\n<h4 class=\"wp-block-heading\">Chicago<\/h4>\n\n\n\n<p class=\"wp-block-paragraph\"> 140 alumni arrived at The Gage in October for an exclusive fireside chat with Jacques Nienaber, in collaboration with Leinster Rugby. The event took place on the eve of the Ireland vs New Zealand match in Chicago, and a lucky raffle winner went home with a signed Leinster jersey. Attendees were welcomed by Triona McCormack, UCD Vice-President for Strategy and External Engagement, and were gifted a Leinster Rugby cap signed by Jacques.<\/p>\n\n\n\n<h4 class=\"wp-block-heading\">Vancouver<\/h4>\n\n\n\n<p class=\"wp-block-paragraph\">UCD beanie hats and vouchers were the much-coveted prizes, as 35 alumni turned out for a fun pub quiz in Smiths in Gastown. The Vancouver Chapter organised a monotype art printing workshop on Granville Island in May, with a social taking place at Granville Island Brewery afterwards.<\/p>\n\n\n\n<h4 class=\"wp-block-heading\">San Francisco<\/h4>\n\n\n\n<p class=\"wp-block-paragraph\">44 graduates joined a mentoring circles event at the University Club of San Francisco in November. The event brought together leading experts across many industries. Experienced alumni mentors hosted dedicated tables, where attendees asked questions, gaining first-hand insights into their career paths. The UCD Alumni Chapter also collaborated with UCC and the Irish Network Bay Area for a March Mixer at The Beer Hall.<\/p>\n\n\n\n<h4 class=\"wp-block-heading\">Toronto<\/h4>\n\n\n\n<p class=\"wp-block-paragraph\">Professor Regina U\u00ed Chollat\u00e1in, Dean of the College of Arts and Humanities, welcomed attendees to an evening with acclaimed author Colm T\u00f3ib\u00edn. The event was hosted in collaboration with the Ireland Canada University Foundation, the UCD Dobbin Centre for Canadian Studies, and UCD College of Arts and Humanities.<\/p>\n\n\n\n<h4 class=\"wp-block-heading\">New York<\/h4>\n\n\n\n<p class=\"wp-block-paragraph\">UCD Business Alumni hosted Gregory Harrington for a masterclass, &#8220;One Step Closer&#8221;, at the KPMG headquarters in New York in March, attended by around 80 alumni. Through the lens of music, Gregory shared profound insights into motivation, discipline, and business excellence. The New York UCD Alumni Chapter organised an end-of-summer social in September, and a festive social in GMT Tavern in December.<\/p>\n\n\n\n<figure class=\"wp-block-gallery has-nested-images columns-2 is-cropped wp-block-gallery-1 is-layout-flex wp-block-gallery-is-layout-flex\">\n<figure class=\"wp-block-image size-large\"><a href=\"https:\/\/alumni.ucd.ie\/magazine\/wp-content\/uploads\/2026\/08\/Chicago.jpg\"><img loading=\"lazy\" decoding=\"async\" width=\"1024\" height=\"683\" data-id=\"12107\" src=\"https:\/\/alumni.ucd.ie\/magazine\/wp-content\/uploads\/2026\/08\/Chicago-1024x683.jpg\" alt=\"Michael Beary, Chair, UCD Governing Authority; Eamon de B\u00farca, Head of Commercial and Partnerships at Leinster Rugby; Matthew Dowling, Chief Commercial Officer at Leinster Rugby; Triona McCormack, UCD Vice-President for Strategy and External Engagement; Jacques Nienaber, Senior Coach at Leinster Rugby; Alan Ennis, Chair of UCD College of Business North American Advisory Board; Helen Geoghegan, Strategic Growth Manager at Leinster Rugby; Gillian Durnin, Director of UCD Alumni Relations.\" class=\"wp-image-12107\" srcset=\"https:\/\/alumni.ucd.ie\/magazine\/wp-content\/uploads\/2026\/08\/Chicago-1024x683.jpg 1024w, https:\/\/alumni.ucd.ie\/magazine\/wp-content\/uploads\/2026\/08\/Chicago-300x200.jpg 300w, https:\/\/alumni.ucd.ie\/magazine\/wp-content\/uploads\/2026\/08\/Chicago-768x512.jpg 768w, https:\/\/alumni.ucd.ie\/magazine\/wp-content\/uploads\/2026\/08\/Chicago.jpg 1200w\" sizes=\"auto, (max-width: 1024px) 100vw, 1024px\" \/><\/a><figcaption class=\"wp-element-caption\">Michael Beary, Chair, UCD Governing Authority; Eamon de B\u00farca, Head of Commercial and Partnerships at Leinster Rugby; Matthew Dowling, Chief Commercial Officer at Leinster Rugby; Triona McCormack, UCD Vice-President for Strategy and External Engagement; Jacques Nienaber, Senior Coach at Leinster Rugby; Alan Ennis, Chair of UCD College of Business North American Advisory Board; Helen Geoghegan, Strategic Growth Manager at Leinster Rugby; Gillian Durnin, Director of UCD Alumni Relations.<\/figcaption><\/figure>\n\n\n\n<figure class=\"wp-block-image size-large\"><a href=\"https:\/\/alumni.ucd.ie\/magazine\/wp-content\/uploads\/2026\/08\/Copy-of-Gregory-Harrington-at-the-UCD-Business-Alumni-Event-in-New-York.jpg\"><img loading=\"lazy\" decoding=\"async\" width=\"1024\" height=\"683\" data-id=\"12108\" src=\"https:\/\/alumni.ucd.ie\/magazine\/wp-content\/uploads\/2026\/08\/Copy-of-Gregory-Harrington-at-the-UCD-Business-Alumni-Event-in-New-York-1024x683.jpg\" alt=\"Gregory Harrington at the UCD Business Alumni event in New York.\" class=\"wp-image-12108\" srcset=\"https:\/\/alumni.ucd.ie\/magazine\/wp-content\/uploads\/2026\/08\/Copy-of-Gregory-Harrington-at-the-UCD-Business-Alumni-Event-in-New-York-1024x683.jpg 1024w, https:\/\/alumni.ucd.ie\/magazine\/wp-content\/uploads\/2026\/08\/Copy-of-Gregory-Harrington-at-the-UCD-Business-Alumni-Event-in-New-York-300x200.jpg 300w, https:\/\/alumni.ucd.ie\/magazine\/wp-content\/uploads\/2026\/08\/Copy-of-Gregory-Harrington-at-the-UCD-Business-Alumni-Event-in-New-York-768x512.jpg 768w, https:\/\/alumni.ucd.ie\/magazine\/wp-content\/uploads\/2026\/08\/Copy-of-Gregory-Harrington-at-the-UCD-Business-Alumni-Event-in-New-York.jpg 1200w\" sizes=\"auto, (max-width: 1024px) 100vw, 1024px\" \/><\/a><figcaption class=\"wp-element-caption\">Gregory Harrington at the UCD Business Alumni event in New York.<\/figcaption><\/figure>\n\n\n\n<figure class=\"wp-block-image size-large\"><a href=\"https:\/\/alumni.ucd.ie\/magazine\/wp-content\/uploads\/2026\/08\/Copy-of-L-R-Paula-Marchant-Jane-McCooey-and-Cliodhna-Connolly-at-the-UCD-Business-Alumni-event-in-New-York.jpg\"><img loading=\"lazy\" decoding=\"async\" width=\"1024\" height=\"683\" data-id=\"12109\" src=\"https:\/\/alumni.ucd.ie\/magazine\/wp-content\/uploads\/2026\/08\/Copy-of-L-R-Paula-Marchant-Jane-McCooey-and-Cliodhna-Connolly-at-the-UCD-Business-Alumni-event-in-New-York-1024x683.jpg\" alt=\"Paula Marchant, Jane McCooey and Cliodhna Connolly at the UCD Business Alumni event in New York.\" class=\"wp-image-12109\" srcset=\"https:\/\/alumni.ucd.ie\/magazine\/wp-content\/uploads\/2026\/08\/Copy-of-L-R-Paula-Marchant-Jane-McCooey-and-Cliodhna-Connolly-at-the-UCD-Business-Alumni-event-in-New-York-1024x683.jpg 1024w, https:\/\/alumni.ucd.ie\/magazine\/wp-content\/uploads\/2026\/08\/Copy-of-L-R-Paula-Marchant-Jane-McCooey-and-Cliodhna-Connolly-at-the-UCD-Business-Alumni-event-in-New-York-300x200.jpg 300w, https:\/\/alumni.ucd.ie\/magazine\/wp-content\/uploads\/2026\/08\/Copy-of-L-R-Paula-Marchant-Jane-McCooey-and-Cliodhna-Connolly-at-the-UCD-Business-Alumni-event-in-New-York-768x512.jpg 768w, https:\/\/alumni.ucd.ie\/magazine\/wp-content\/uploads\/2026\/08\/Copy-of-L-R-Paula-Marchant-Jane-McCooey-and-Cliodhna-Connolly-at-the-UCD-Business-Alumni-event-in-New-York.jpg 1200w\" sizes=\"auto, (max-width: 1024px) 100vw, 1024px\" \/><\/a><figcaption class=\"wp-element-caption\">Paula Marchant, Jane McCooey and Cliodhna Connolly at the UCD Business Alumni event in New York.<\/figcaption><\/figure>\n\n\n\n<figure class=\"wp-block-image size-large\"><a href=\"https:\/\/alumni.ucd.ie\/magazine\/wp-content\/uploads\/2026\/08\/Image-1-copy-2.jpg\"><img loading=\"lazy\" decoding=\"async\" width=\"1024\" height=\"683\" data-id=\"12110\" src=\"https:\/\/alumni.ucd.ie\/magazine\/wp-content\/uploads\/2026\/08\/Image-1-copy-2-1024x683.jpg\" alt=\"UCD Alumni Chapter Representative Ciara Dempsey at her team table at the Pub Quiz in Vancouver.\" class=\"wp-image-12110\" srcset=\"https:\/\/alumni.ucd.ie\/magazine\/wp-content\/uploads\/2026\/08\/Image-1-copy-2-1024x683.jpg 1024w, https:\/\/alumni.ucd.ie\/magazine\/wp-content\/uploads\/2026\/08\/Image-1-copy-2-300x200.jpg 300w, https:\/\/alumni.ucd.ie\/magazine\/wp-content\/uploads\/2026\/08\/Image-1-copy-2-768x512.jpg 768w, https:\/\/alumni.ucd.ie\/magazine\/wp-content\/uploads\/2026\/08\/Image-1-copy-2.jpg 1200w\" sizes=\"auto, (max-width: 1024px) 100vw, 1024px\" \/><\/a><figcaption class=\"wp-element-caption\">UCD Alumni Chapter Representative Ciara Dempsey at her team table at the Pub Quiz in Vancouver.<\/figcaption><\/figure>\n\n\n\n<figure class=\"wp-block-image size-large\"><a href=\"https:\/\/alumni.ucd.ie\/magazine\/wp-content\/uploads\/2026\/08\/Image-1-copy.jpg\"><img loading=\"lazy\" decoding=\"async\" width=\"768\" height=\"1024\" data-id=\"12111\" src=\"https:\/\/alumni.ucd.ie\/magazine\/wp-content\/uploads\/2026\/08\/Image-1-copy-768x1024.jpg\" alt=\"UCD Alumni in Vancouver raising a glass at the Chapter Social at Granville Island Brewery in May 2026.\" class=\"wp-image-12111\" srcset=\"https:\/\/alumni.ucd.ie\/magazine\/wp-content\/uploads\/2026\/08\/Image-1-copy-768x1024.jpg 768w, https:\/\/alumni.ucd.ie\/magazine\/wp-content\/uploads\/2026\/08\/Image-1-copy-225x300.jpg 225w, https:\/\/alumni.ucd.ie\/magazine\/wp-content\/uploads\/2026\/08\/Image-1-copy-1152x1536.jpg 1152w, https:\/\/alumni.ucd.ie\/magazine\/wp-content\/uploads\/2026\/08\/Image-1-copy.jpg 1200w\" sizes=\"auto, (max-width: 768px) 100vw, 768px\" \/><\/a><figcaption class=\"wp-element-caption\">UCD Alumni in Vancouver raising a glass at the Chapter Social at Granville Island Brewery in May 2026.<\/figcaption><\/figure>\n\n\n\n<figure class=\"wp-block-image size-large\"><a href=\"https:\/\/alumni.ucd.ie\/magazine\/wp-content\/uploads\/2026\/08\/Image-1-Social.jpg\"><img loading=\"lazy\" decoding=\"async\" width=\"771\" height=\"1024\" data-id=\"12112\" src=\"https:\/\/alumni.ucd.ie\/magazine\/wp-content\/uploads\/2026\/08\/Image-1-Social-771x1024.jpg\" alt=\"UCD alumni gathered in New York for the UCD Alumni Chapter End-of-Summer Social in GMT Tavern in September 2025.\" class=\"wp-image-12112\" srcset=\"https:\/\/alumni.ucd.ie\/magazine\/wp-content\/uploads\/2026\/08\/Image-1-Social-771x1024.jpg 771w, https:\/\/alumni.ucd.ie\/magazine\/wp-content\/uploads\/2026\/08\/Image-1-Social-226x300.jpg 226w, https:\/\/alumni.ucd.ie\/magazine\/wp-content\/uploads\/2026\/08\/Image-1-Social-768x1020.jpg 768w, https:\/\/alumni.ucd.ie\/magazine\/wp-content\/uploads\/2026\/08\/Image-1-Social-1156x1536.jpg 1156w, https:\/\/alumni.ucd.ie\/magazine\/wp-content\/uploads\/2026\/08\/Image-1-Social.jpg 1200w\" sizes=\"auto, (max-width: 771px) 100vw, 771px\" \/><\/a><figcaption class=\"wp-element-caption\">UCD alumni gathered in New York for the UCD Alumni Chapter End-of-Summer Social in GMT Tavern in September 2025.<\/figcaption><\/figure>\n\n\n\n<figure class=\"wp-block-image size-large\"><a href=\"https:\/\/alumni.ucd.ie\/magazine\/wp-content\/uploads\/2026\/08\/Image-1-4.jpg\"><img loading=\"lazy\" decoding=\"async\" width=\"1024\" height=\"683\" data-id=\"12113\" src=\"https:\/\/alumni.ucd.ie\/magazine\/wp-content\/uploads\/2026\/08\/Image-1-4-1024x683.jpg\" alt=\"Mark Dobbin; Amanda Hopkins, ICUF Canada Chair; Pa Sheehan, ICUF Programme Manager; Colm T\u00f3ib\u00edn, award-winning author; James Kelly, Executive Director, ICUF; and Dr Paul Halferty, Director, UCD Centre for Canadian Studies.\" class=\"wp-image-12113\" srcset=\"https:\/\/alumni.ucd.ie\/magazine\/wp-content\/uploads\/2026\/08\/Image-1-4-1024x683.jpg 1024w, https:\/\/alumni.ucd.ie\/magazine\/wp-content\/uploads\/2026\/08\/Image-1-4-300x200.jpg 300w, https:\/\/alumni.ucd.ie\/magazine\/wp-content\/uploads\/2026\/08\/Image-1-4-768x512.jpg 768w, https:\/\/alumni.ucd.ie\/magazine\/wp-content\/uploads\/2026\/08\/Image-1-4.jpg 1200w\" sizes=\"auto, (max-width: 1024px) 100vw, 1024px\" \/><\/a><figcaption class=\"wp-element-caption\">Mark Dobbin; Amanda Hopkins, ICUF Canada Chair; Pa Sheehan, ICUF Programme Manager; Colm T\u00f3ib\u00edn, award-winning author; James Kelly, Executive Director, ICUF; and Dr Paul Halferty, Director, UCD Centre for Canadian Studies.<\/figcaption><\/figure>\n\n\n\n<figure class=\"wp-block-image size-large\"><a href=\"https:\/\/alumni.ucd.ie\/magazine\/wp-content\/uploads\/2026\/08\/Image-4-1.jpg\"><img loading=\"lazy\" decoding=\"async\" width=\"1024\" height=\"683\" data-id=\"12114\" src=\"https:\/\/alumni.ucd.ie\/magazine\/wp-content\/uploads\/2026\/08\/Image-4-1-1024x683.jpg\" alt=\"UCD Alumni Table Hosts at the UCD Alumni Mentorship Event in San Francisco: Niall Mullen, Cloud Infrastructure Engineering Leader, Netflix; Eugene McCabe, former Engineering and Operations Executive; Katie Slattery, Controller, Thinking Machines Lab; Dave Burke, Chief Technical Officer, Arc Institute; Colm Lysaght, Vice President of Corporate Strategy, Hitachi; Liam Madden, Former Executive VP and General Manager, Xilinx; Galvea Kelly, CEO, Brand Nua; Victor Dutta, Lead Power Design Engineer, Amazon Lab126; and Leanore Wallace, Head of Global Operations Program Management, Airbnb.\" class=\"wp-image-12114\" srcset=\"https:\/\/alumni.ucd.ie\/magazine\/wp-content\/uploads\/2026\/08\/Image-4-1-1024x683.jpg 1024w, https:\/\/alumni.ucd.ie\/magazine\/wp-content\/uploads\/2026\/08\/Image-4-1-300x200.jpg 300w, https:\/\/alumni.ucd.ie\/magazine\/wp-content\/uploads\/2026\/08\/Image-4-1-768x512.jpg 768w, https:\/\/alumni.ucd.ie\/magazine\/wp-content\/uploads\/2026\/08\/Image-4-1.jpg 1200w\" sizes=\"auto, (max-width: 1024px) 100vw, 1024px\" \/><\/a><figcaption class=\"wp-element-caption\">UCD Alumni Table Hosts at the UCD Alumni Mentorship Event in San Francisco: Niall Mullen, Cloud Infrastructure Engineering Leader, Netflix; Eugene McCabe, former Engineering and Operations Executive; Katie Slattery, Controller, Thinking Machines Lab; Dave Burke, Chief Technical Officer, Arc Institute; Colm Lysaght, Vice President of Corporate Strategy, Hitachi; Liam Madden, Former Executive VP and General Manager, Xilinx; Galvea Kelly, CEO, Brand Nua; Victor Dutta, Lead Power Design Engineer, Amazon Lab126; and Leanore Wallace, Head of Global Operations Program Management, Airbnb.<\/figcaption><\/figure>\n<\/figure>\n\n\n\n<h2 class=\"wp-block-heading\">ASIA PACIFIC &amp; MIDDLE EAST<\/h2>\n\n\n\n<h4 class=\"wp-block-heading\">China | Beijing and Guangzhou<\/h4>\n\n\n\n<p class=\"wp-block-paragraph\">Alumni and students gathered in Beijing and Guangzhou to celebrate St Patrick&#8217;s Day. A total of 130 attended a special panel discussion at the Grand Hyatt Beijing, while 40 joined the inaugural Guangzhou event hosted at GYICC. The events were attended by Professor Dolores O&#8217;Riordan, UCD Vice-President for Global Engagement, Professor Jeremy Simpson, Principal and Dean of UCD College of Science, and Professor Paul Fanning, Provost of UCD&#8217;s Joint International Colleges in China.<\/p>\n\n\n\n<h4 class=\"wp-block-heading\">Indonesia | Jakarta<\/h4>\n\n\n\n<p class=\"wp-block-paragraph\">30 alumni and partners gathered in Jakarta in November 2025 for an evening at the Residence of the Ambassador of Ireland, following the launch of the Indonesia Alumni Chapter in 2024. The event provided an opportunity for alumni to reconnect with each other and with the University. Professor Jeremy Simpson, Principal and Dean of UCD College of Science, and Associate Professor Aifric O&#8217;Sullivan, UCD School of Agriculture and Food Science, attended.<\/p>\n\n\n\n<h4 class=\"wp-block-heading\">India | Delhi<\/h4>\n\n\n\n<p class=\"wp-block-paragraph\">26 alumni gathered in Delhi in January to celebrate the launch of the Delhi UCD Alumni Chapter and reconnect and strengthen ties with the University&#8217;s growing community in India. Professor Jeremy Simpson, Principal and Dean of UCD College of Science, and Professor Karan Sonpar, Full Professor and Chair in Organisational Behaviour and Associate Dean (Global Business Engagement) at UCD College of Business, attended, alongside the Ambassador.<\/p>\n\n\n\n<h4 class=\"wp-block-heading\">United Arab Emirates | Dubai<\/h4>\n\n\n\n<p class=\"wp-block-paragraph\">The Dubai UCD Alumni Chapter was launched in October 2025 with a dinner attended by 27 alumni. Professor Jeremy Simpson, Principal and Dean of UCD College of Science, Professor Kevin McDonnell, UCD School of Agriculture and Food Science, and Associate Professor Abdollah Malekjafarian, UCD School of Civil Engineering, attended the event. Additionally, 11 alumni joined Dubai Chapter representatives in November 2025 for a walk, talk and breakfast event in Dubai.<\/p>\n\n\n\n<h4 class=\"wp-block-heading\">Singapore<\/h4>\n\n\n\n<p class=\"wp-block-paragraph\">In May, UCD Business Alumni were hosted by Graham Hartnett, Deputy Head of Mission, at Ireland House in Singapore, where UCD alumni and members of the Singapore employers consultation group enjoyed an evening of networking. Branded A Taste of Ireland, the event facilitated great connections, and attendees left with a goody bag of treats from Ireland.<\/p>\n\n\n\n<figure class=\"wp-block-gallery has-nested-images columns-2 is-cropped wp-block-gallery-2 is-layout-flex wp-block-gallery-is-layout-flex\">\n<figure class=\"wp-block-image size-large\"><a href=\"https:\/\/alumni.ucd.ie\/magazine\/wp-content\/uploads\/2026\/08\/Events-Global-Singapore-to-be-added_-SG-Event-Charlie-Swords-DFA-Kate-Simpson-JP-Morgan-Audrey-Healy-UCD-Paula-Kenneally-Irish-Chamber.jpg\"><img loading=\"lazy\" decoding=\"async\" width=\"1024\" height=\"683\" data-id=\"12087\" src=\"https:\/\/alumni.ucd.ie\/magazine\/wp-content\/uploads\/2026\/08\/Events-Global-Singapore-to-be-added_-SG-Event-Charlie-Swords-DFA-Kate-Simpson-JP-Morgan-Audrey-Healy-UCD-Paula-Kenneally-Irish-Chamber-1024x683.jpg\" alt=\"Singapore attendees Charlie Swords, DFA; Kate Simpson, JP Morgan; Audrey Healy, UCD; Paula Kenneally, Irish Chamber of Commerce.\" class=\"wp-image-12087\" srcset=\"https:\/\/alumni.ucd.ie\/magazine\/wp-content\/uploads\/2026\/08\/Events-Global-Singapore-to-be-added_-SG-Event-Charlie-Swords-DFA-Kate-Simpson-JP-Morgan-Audrey-Healy-UCD-Paula-Kenneally-Irish-Chamber-1024x683.jpg 1024w, https:\/\/alumni.ucd.ie\/magazine\/wp-content\/uploads\/2026\/08\/Events-Global-Singapore-to-be-added_-SG-Event-Charlie-Swords-DFA-Kate-Simpson-JP-Morgan-Audrey-Healy-UCD-Paula-Kenneally-Irish-Chamber-300x200.jpg 300w, https:\/\/alumni.ucd.ie\/magazine\/wp-content\/uploads\/2026\/08\/Events-Global-Singapore-to-be-added_-SG-Event-Charlie-Swords-DFA-Kate-Simpson-JP-Morgan-Audrey-Healy-UCD-Paula-Kenneally-Irish-Chamber-768x512.jpg 768w, https:\/\/alumni.ucd.ie\/magazine\/wp-content\/uploads\/2026\/08\/Events-Global-Singapore-to-be-added_-SG-Event-Charlie-Swords-DFA-Kate-Simpson-JP-Morgan-Audrey-Healy-UCD-Paula-Kenneally-Irish-Chamber.jpg 1200w\" sizes=\"auto, (max-width: 1024px) 100vw, 1024px\" \/><\/a><figcaption class=\"wp-element-caption\">Singapore attendees Charlie Swords, DFA; Kate Simpson, JP Morgan; Audrey Healy, UCD; Paula Kenneally, Irish Chamber of Commerce.<\/figcaption><\/figure>\n\n\n\n<figure class=\"wp-block-image size-large\"><a href=\"https:\/\/alumni.ucd.ie\/magazine\/wp-content\/uploads\/2026\/08\/Image-1.jpg\"><img loading=\"lazy\" decoding=\"async\" width=\"1024\" height=\"684\" data-id=\"12088\" src=\"https:\/\/alumni.ucd.ie\/magazine\/wp-content\/uploads\/2026\/08\/Image-1-1024x684.jpg\" alt=\"\" class=\"wp-image-12088\" srcset=\"https:\/\/alumni.ucd.ie\/magazine\/wp-content\/uploads\/2026\/08\/Image-1-1024x684.jpg 1024w, https:\/\/alumni.ucd.ie\/magazine\/wp-content\/uploads\/2026\/08\/Image-1-300x201.jpg 300w, https:\/\/alumni.ucd.ie\/magazine\/wp-content\/uploads\/2026\/08\/Image-1-768x513.jpg 768w, https:\/\/alumni.ucd.ie\/magazine\/wp-content\/uploads\/2026\/08\/Image-1.jpg 1200w\" sizes=\"auto, (max-width: 1024px) 100vw, 1024px\" \/><\/a><\/figure>\n\n\n\n<figure class=\"wp-block-image size-large\"><a href=\"https:\/\/alumni.ucd.ie\/magazine\/wp-content\/uploads\/2026\/08\/Image-1_-copy.jpg\"><img loading=\"lazy\" decoding=\"async\" width=\"1024\" height=\"768\" data-id=\"12089\" src=\"https:\/\/alumni.ucd.ie\/magazine\/wp-content\/uploads\/2026\/08\/Image-1_-copy-1024x768.jpg\" alt=\"UCD academic delegation with UCD alumni at the Dubai Chapter launch dinner.\" class=\"wp-image-12089\" srcset=\"https:\/\/alumni.ucd.ie\/magazine\/wp-content\/uploads\/2026\/08\/Image-1_-copy-1024x768.jpg 1024w, https:\/\/alumni.ucd.ie\/magazine\/wp-content\/uploads\/2026\/08\/Image-1_-copy-300x225.jpg 300w, https:\/\/alumni.ucd.ie\/magazine\/wp-content\/uploads\/2026\/08\/Image-1_-copy-768x576.jpg 768w, https:\/\/alumni.ucd.ie\/magazine\/wp-content\/uploads\/2026\/08\/Image-1_-copy.jpg 1200w\" sizes=\"auto, (max-width: 1024px) 100vw, 1024px\" \/><\/a><figcaption class=\"wp-element-caption\">UCD academic delegation with UCD alumni at the Dubai Chapter launch dinner.<\/figcaption><\/figure>\n\n\n\n<figure class=\"wp-block-image size-large\"><a href=\"https:\/\/alumni.ucd.ie\/magazine\/wp-content\/uploads\/2026\/08\/Image-1_.jpg\"><img loading=\"lazy\" decoding=\"async\" width=\"1024\" height=\"531\" data-id=\"12090\" src=\"https:\/\/alumni.ucd.ie\/magazine\/wp-content\/uploads\/2026\/08\/Image-1_-1024x531.jpg\" alt=\"UCD representatives and alumni at the launch of the Delhi UCD Alumni Chapter in Delhi.\" class=\"wp-image-12090\" srcset=\"https:\/\/alumni.ucd.ie\/magazine\/wp-content\/uploads\/2026\/08\/Image-1_-1024x531.jpg 1024w, https:\/\/alumni.ucd.ie\/magazine\/wp-content\/uploads\/2026\/08\/Image-1_-300x156.jpg 300w, https:\/\/alumni.ucd.ie\/magazine\/wp-content\/uploads\/2026\/08\/Image-1_-768x398.jpg 768w, https:\/\/alumni.ucd.ie\/magazine\/wp-content\/uploads\/2026\/08\/Image-1_.jpg 1200w\" sizes=\"auto, (max-width: 1024px) 100vw, 1024px\" \/><\/a><figcaption class=\"wp-element-caption\">UCD representatives and alumni at the launch of the Delhi UCD Alumni Chapter in Delhi.<\/figcaption><\/figure>\n\n\n\n<figure class=\"wp-block-image size-large\"><a href=\"https:\/\/alumni.ucd.ie\/magazine\/wp-content\/uploads\/2026\/08\/Image-2_-copy.jpg\"><img loading=\"lazy\" decoding=\"async\" width=\"1024\" height=\"768\" data-id=\"12091\" src=\"https:\/\/alumni.ucd.ie\/magazine\/wp-content\/uploads\/2026\/08\/Image-2_-copy-1024x768.jpg\" alt=\"\" class=\"wp-image-12091\" srcset=\"https:\/\/alumni.ucd.ie\/magazine\/wp-content\/uploads\/2026\/08\/Image-2_-copy-1024x768.jpg 1024w, https:\/\/alumni.ucd.ie\/magazine\/wp-content\/uploads\/2026\/08\/Image-2_-copy-300x225.jpg 300w, https:\/\/alumni.ucd.ie\/magazine\/wp-content\/uploads\/2026\/08\/Image-2_-copy-768x576.jpg 768w, https:\/\/alumni.ucd.ie\/magazine\/wp-content\/uploads\/2026\/08\/Image-2_-copy.jpg 1200w\" sizes=\"auto, (max-width: 1024px) 100vw, 1024px\" \/><\/a><\/figure>\n\n\n\n<figure class=\"wp-block-image size-large\"><a href=\"https:\/\/alumni.ucd.ie\/magazine\/wp-content\/uploads\/2026\/08\/Image-2_.jpg\"><img loading=\"lazy\" decoding=\"async\" width=\"1024\" height=\"684\" data-id=\"12092\" src=\"https:\/\/alumni.ucd.ie\/magazine\/wp-content\/uploads\/2026\/08\/Image-2_-1024x684.jpg\" alt=\"\" class=\"wp-image-12092\" srcset=\"https:\/\/alumni.ucd.ie\/magazine\/wp-content\/uploads\/2026\/08\/Image-2_-1024x684.jpg 1024w, https:\/\/alumni.ucd.ie\/magazine\/wp-content\/uploads\/2026\/08\/Image-2_-300x200.jpg 300w, https:\/\/alumni.ucd.ie\/magazine\/wp-content\/uploads\/2026\/08\/Image-2_-768x513.jpg 768w, https:\/\/alumni.ucd.ie\/magazine\/wp-content\/uploads\/2026\/08\/Image-2_.jpg 1200w\" sizes=\"auto, (max-width: 1024px) 100vw, 1024px\" \/><\/a><\/figure>\n\n\n\n<figure class=\"wp-block-image size-large\"><a href=\"https:\/\/alumni.ucd.ie\/magazine\/wp-content\/uploads\/2026\/08\/Image-3.jpg\"><img loading=\"lazy\" decoding=\"async\" width=\"1024\" height=\"682\" data-id=\"12093\" src=\"https:\/\/alumni.ucd.ie\/magazine\/wp-content\/uploads\/2026\/08\/Image-3-1024x682.jpg\" alt=\"Prof. Paul Fanning and fellow panellists Xiaolin Li, Yifei Ren, Nicole Yaxin Li and Sam Hongbo Sun during a panel discussion at the UCD alumni event in Beijing.\" class=\"wp-image-12093\" srcset=\"https:\/\/alumni.ucd.ie\/magazine\/wp-content\/uploads\/2026\/08\/Image-3-1024x682.jpg 1024w, https:\/\/alumni.ucd.ie\/magazine\/wp-content\/uploads\/2026\/08\/Image-3-300x200.jpg 300w, https:\/\/alumni.ucd.ie\/magazine\/wp-content\/uploads\/2026\/08\/Image-3-768x511.jpg 768w, https:\/\/alumni.ucd.ie\/magazine\/wp-content\/uploads\/2026\/08\/Image-3.jpg 1200w\" sizes=\"auto, (max-width: 1024px) 100vw, 1024px\" \/><\/a><figcaption class=\"wp-element-caption\">Prof. Paul Fanning and fellow panellists Xiaolin Li, Yifei Ren, Nicole Yaxin Li and Sam Hongbo Sun during a panel discussion at the UCD alumni event in Beijing.<\/figcaption><\/figure>\n\n\n\n<figure class=\"wp-block-image size-large\"><a href=\"https:\/\/alumni.ucd.ie\/magazine\/wp-content\/uploads\/2026\/08\/Image-3_.jpg\"><img loading=\"lazy\" decoding=\"async\" width=\"1024\" height=\"683\" data-id=\"12094\" src=\"https:\/\/alumni.ucd.ie\/magazine\/wp-content\/uploads\/2026\/08\/Image-3_-1024x683.jpg\" alt=\"UCD alumni connect at the inaugural UCD alumni event in Guangzhou.\" class=\"wp-image-12094\" srcset=\"https:\/\/alumni.ucd.ie\/magazine\/wp-content\/uploads\/2026\/08\/Image-3_-1024x683.jpg 1024w, https:\/\/alumni.ucd.ie\/magazine\/wp-content\/uploads\/2026\/08\/Image-3_-300x200.jpg 300w, https:\/\/alumni.ucd.ie\/magazine\/wp-content\/uploads\/2026\/08\/Image-3_-768x512.jpg 768w, https:\/\/alumni.ucd.ie\/magazine\/wp-content\/uploads\/2026\/08\/Image-3_.jpg 1200w\" sizes=\"auto, (max-width: 1024px) 100vw, 1024px\" \/><\/a><figcaption class=\"wp-element-caption\">UCD alumni connect at the inaugural UCD alumni event in Guangzhou.<\/figcaption><\/figure>\n\n\n\n<figure class=\"wp-block-image size-large\"><a href=\"https:\/\/alumni.ucd.ie\/magazine\/wp-content\/uploads\/2026\/08\/IMG_1462.jpg\"><img loading=\"lazy\" decoding=\"async\" width=\"1024\" height=\"768\" data-id=\"12095\" src=\"https:\/\/alumni.ucd.ie\/magazine\/wp-content\/uploads\/2026\/08\/IMG_1462-1024x768.jpg\" alt=\"UCD alumni gathered in Indonesia.\" class=\"wp-image-12095\" srcset=\"https:\/\/alumni.ucd.ie\/magazine\/wp-content\/uploads\/2026\/08\/IMG_1462-1024x768.jpg 1024w, https:\/\/alumni.ucd.ie\/magazine\/wp-content\/uploads\/2026\/08\/IMG_1462-300x225.jpg 300w, https:\/\/alumni.ucd.ie\/magazine\/wp-content\/uploads\/2026\/08\/IMG_1462-768x576.jpg 768w, https:\/\/alumni.ucd.ie\/magazine\/wp-content\/uploads\/2026\/08\/IMG_1462.jpg 1200w\" sizes=\"auto, (max-width: 1024px) 100vw, 1024px\" \/><\/a><figcaption class=\"wp-element-caption\">UCD alumni gathered in Indonesia.<\/figcaption><\/figure>\n<\/figure>\n\n\n\n<h2 class=\"wp-block-heading\">LATIN AMERICA<\/h2>\n\n\n\n<h4 class=\"wp-block-heading\">S\u00e3o Paulo<\/h4>\n\n\n\n<p class=\"wp-block-paragraph\">UCD Alumni continued to strengthen its presence in South America with its second networking event in S\u00e3o Paulo, Brazil. The event took place at the Consulate General of Ireland and was hosted by UCD alumnus Robert Jackson, Consul General of Ireland in S\u00e3o Paulo, with Professor Dolores O&#8217;Riordan, UCD Vice-President for Global Engagement, also in attendance. It provided an opportunity for attendees to reconnect with the University and expand their local professional networks. <\/p>\n\n\n\n<figure class=\"wp-block-gallery has-nested-images columns-default is-cropped wp-block-gallery-3 is-layout-flex wp-block-gallery-is-layout-flex\">\n<figure class=\"wp-block-image size-large\"><a href=\"https:\/\/alumni.ucd.ie\/magazine\/wp-content\/uploads\/2026\/08\/Image-2_-1.jpg\"><img loading=\"lazy\" decoding=\"async\" width=\"1024\" height=\"683\" data-id=\"12096\" src=\"https:\/\/alumni.ucd.ie\/magazine\/wp-content\/uploads\/2026\/08\/Image-2_-1-1024x683.jpg\" alt=\"UCD alumni, offer-holders, and UCD academic delegation gather at the UCD networking event in S\u00e3o Paulo.\" class=\"wp-image-12096\" srcset=\"https:\/\/alumni.ucd.ie\/magazine\/wp-content\/uploads\/2026\/08\/Image-2_-1-1024x683.jpg 1024w, https:\/\/alumni.ucd.ie\/magazine\/wp-content\/uploads\/2026\/08\/Image-2_-1-300x200.jpg 300w, https:\/\/alumni.ucd.ie\/magazine\/wp-content\/uploads\/2026\/08\/Image-2_-1-768x512.jpg 768w, https:\/\/alumni.ucd.ie\/magazine\/wp-content\/uploads\/2026\/08\/Image-2_-1.jpg 1200w\" sizes=\"auto, (max-width: 1024px) 100vw, 1024px\" \/><\/a><figcaption class=\"wp-element-caption\">UCD alumni, offer-holders, and UCD academic delegation gather at the UCD networking event in S\u00e3o Paulo.<\/figcaption><\/figure>\n\n\n\n<figure class=\"wp-block-image size-large\"><a href=\"https:\/\/alumni.ucd.ie\/magazine\/wp-content\/uploads\/2026\/08\/Image-1-1.jpg\"><img loading=\"lazy\" decoding=\"async\" width=\"1024\" height=\"683\" data-id=\"12097\" src=\"https:\/\/alumni.ucd.ie\/magazine\/wp-content\/uploads\/2026\/08\/Image-1-1-1024x683.jpg\" alt=\"\" class=\"wp-image-12097\" srcset=\"https:\/\/alumni.ucd.ie\/magazine\/wp-content\/uploads\/2026\/08\/Image-1-1-1024x683.jpg 1024w, https:\/\/alumni.ucd.ie\/magazine\/wp-content\/uploads\/2026\/08\/Image-1-1-300x200.jpg 300w, https:\/\/alumni.ucd.ie\/magazine\/wp-content\/uploads\/2026\/08\/Image-1-1-768x512.jpg 768w, https:\/\/alumni.ucd.ie\/magazine\/wp-content\/uploads\/2026\/08\/Image-1-1.jpg 1200w\" sizes=\"auto, (max-width: 1024px) 100vw, 1024px\" \/><\/a><\/figure>\n<\/figure>\n\n\n\n<h2 class=\"wp-block-heading\">UK<\/h2>\n\n\n\n<h4 class=\"wp-block-heading\">London<\/h4>\n\n\n\n<p class=\"wp-block-paragraph\">London alumni gathered throughout the year for a series of professional and social events that strengthened connections across the UCD community. In February, 200 alumni attended UCD Alumni London Live, the University&#8217;s flagship annual event in the city, held at BAFTA 195 Piccadilly. The evening featured a panel discussion with alumni Ryan Tubridy, Oriole Cullen, Tony Chambers, and Professor Orla Feely, President of UCD. The event also provided an opportunity to recognise and thank supporters and donors based in London. <\/p>\n\n\n\n<p class=\"wp-block-paragraph\">Three career mentoring-focused events took place during the year. In September 2025, College of Business alumni attended an event at the TrueLayer offices in London, along with students from UCD Lochlann Quinn School of Business who travelled to London as part of their Finance &amp; Consulting programme. UCD alumni Aoife Byrne and Hanna-Lil Malone shared insightful reflections on their journeys through university, entrepreneurship, and beyond. <\/p>\n\n\n\n<p class=\"wp-block-paragraph\">In October 2025, an industry-focused mentoring evening, attended by 46 alumni, featured round-table discussions facilitated by 11 experienced alumni, with opportunities for networking, career development, and knowledge-sharing. <\/p>\n\n\n\n<p class=\"wp-block-paragraph\">In January 2026, the annual Law Student Trip brought 10 London-based law graduates and current law students together for discussions on early career experiences, transitions into the legal profession, and insights across a range of practice areas. Professor Laurent Pech, Professor of Law and Head of UCD Sutherland School of Law, addressed attendees and shared his perspectives on developments in the legal profession.<\/p>\n\n\n\n<figure class=\"wp-block-gallery has-nested-images columns-2 is-cropped wp-block-gallery-4 is-layout-flex wp-block-gallery-is-layout-flex\">\n<figure class=\"wp-block-image size-large\"><a href=\"https:\/\/alumni.ucd.ie\/magazine\/wp-content\/uploads\/2026\/08\/Business-London-Alumni-Career-Networking-Event-3rd-September-2025.jpg\"><img loading=\"lazy\" decoding=\"async\" width=\"1024\" height=\"683\" data-id=\"12098\" src=\"https:\/\/alumni.ucd.ie\/magazine\/wp-content\/uploads\/2026\/08\/Business-London-Alumni-Career-Networking-Event-3rd-September-2025-1024x683.jpg\" alt=\"Attendees at the London Alumni Career Networking event.\" class=\"wp-image-12098\" srcset=\"https:\/\/alumni.ucd.ie\/magazine\/wp-content\/uploads\/2026\/08\/Business-London-Alumni-Career-Networking-Event-3rd-September-2025-1024x683.jpg 1024w, https:\/\/alumni.ucd.ie\/magazine\/wp-content\/uploads\/2026\/08\/Business-London-Alumni-Career-Networking-Event-3rd-September-2025-300x200.jpg 300w, https:\/\/alumni.ucd.ie\/magazine\/wp-content\/uploads\/2026\/08\/Business-London-Alumni-Career-Networking-Event-3rd-September-2025-768x512.jpg 768w, https:\/\/alumni.ucd.ie\/magazine\/wp-content\/uploads\/2026\/08\/Business-London-Alumni-Career-Networking-Event-3rd-September-2025.jpg 1200w\" sizes=\"auto, (max-width: 1024px) 100vw, 1024px\" \/><\/a><figcaption class=\"wp-element-caption\">Attendees at the London Alumni Career Networking event.<\/figcaption><\/figure>\n\n\n\n<figure class=\"wp-block-image size-large\"><a href=\"https:\/\/alumni.ucd.ie\/magazine\/wp-content\/uploads\/2026\/08\/Image-1-2.jpg\"><img loading=\"lazy\" decoding=\"async\" width=\"1024\" height=\"683\" data-id=\"12099\" src=\"https:\/\/alumni.ucd.ie\/magazine\/wp-content\/uploads\/2026\/08\/Image-1-2-1024x683.jpg\" alt=\"Mathieu Lezeau, Elliott Looney and Ayodele Arogundade at the Law Student London mentoring event.\" class=\"wp-image-12099\" srcset=\"https:\/\/alumni.ucd.ie\/magazine\/wp-content\/uploads\/2026\/08\/Image-1-2-1024x683.jpg 1024w, https:\/\/alumni.ucd.ie\/magazine\/wp-content\/uploads\/2026\/08\/Image-1-2-300x200.jpg 300w, https:\/\/alumni.ucd.ie\/magazine\/wp-content\/uploads\/2026\/08\/Image-1-2-768x512.jpg 768w, https:\/\/alumni.ucd.ie\/magazine\/wp-content\/uploads\/2026\/08\/Image-1-2.jpg 1200w\" sizes=\"auto, (max-width: 1024px) 100vw, 1024px\" \/><\/a><figcaption class=\"wp-element-caption\">Mathieu Lezeau, Elliott Looney and Ayodele Arogundade at the Law Student London mentoring event.<\/figcaption><\/figure>\n\n\n\n<figure class=\"wp-block-image size-large\"><a href=\"https:\/\/alumni.ucd.ie\/magazine\/wp-content\/uploads\/2026\/08\/Image-2-2.jpg\"><img loading=\"lazy\" decoding=\"async\" width=\"1024\" height=\"683\" data-id=\"12100\" src=\"https:\/\/alumni.ucd.ie\/magazine\/wp-content\/uploads\/2026\/08\/Image-2-2-1024x683.jpg\" alt=\"UCD alumni at the London Mentoring Circle event.\" class=\"wp-image-12100\" srcset=\"https:\/\/alumni.ucd.ie\/magazine\/wp-content\/uploads\/2026\/08\/Image-2-2-1024x683.jpg 1024w, https:\/\/alumni.ucd.ie\/magazine\/wp-content\/uploads\/2026\/08\/Image-2-2-300x200.jpg 300w, https:\/\/alumni.ucd.ie\/magazine\/wp-content\/uploads\/2026\/08\/Image-2-2-768x512.jpg 768w, https:\/\/alumni.ucd.ie\/magazine\/wp-content\/uploads\/2026\/08\/Image-2-2.jpg 1200w\" sizes=\"auto, (max-width: 1024px) 100vw, 1024px\" \/><\/a><figcaption class=\"wp-element-caption\">UCD alumni at the London Mentoring Circle event.<\/figcaption><\/figure>\n\n\n\n<figure class=\"wp-block-image size-large\"><a href=\"https:\/\/alumni.ucd.ie\/magazine\/wp-content\/uploads\/2026\/08\/Image-2.jpg\"><img loading=\"lazy\" decoding=\"async\" width=\"1024\" height=\"683\" data-id=\"12101\" src=\"https:\/\/alumni.ucd.ie\/magazine\/wp-content\/uploads\/2026\/08\/Image-2-1024x683.jpg\" alt=\"Ryan Tubridy, UCD alumnus and broadcaster; Prof. Orla Feely, UCD President; Tony Chambers, President EMEA, The Walt Disney Company; and Oriole Cullen, Head of Modern Textiles &amp; Fashion, Victoria &amp; Albert Museum, on stage at UCD Alumni London Live.\" class=\"wp-image-12101\" srcset=\"https:\/\/alumni.ucd.ie\/magazine\/wp-content\/uploads\/2026\/08\/Image-2-1024x683.jpg 1024w, https:\/\/alumni.ucd.ie\/magazine\/wp-content\/uploads\/2026\/08\/Image-2-300x200.jpg 300w, https:\/\/alumni.ucd.ie\/magazine\/wp-content\/uploads\/2026\/08\/Image-2-768x512.jpg 768w, https:\/\/alumni.ucd.ie\/magazine\/wp-content\/uploads\/2026\/08\/Image-2.jpg 1200w\" sizes=\"auto, (max-width: 1024px) 100vw, 1024px\" \/><\/a><figcaption class=\"wp-element-caption\">Ryan Tubridy, UCD alumnus and broadcaster; Prof. Orla Feely, UCD President; Tony Chambers, President EMEA, The Walt Disney Company; and Oriole Cullen, Head of Modern Textiles &amp; Fashion, Victoria &amp; Albert Museum, on stage at UCD Alumni London Live.<\/figcaption><\/figure>\n\n\n\n<figure class=\"wp-block-image size-large\"><a href=\"https:\/\/alumni.ucd.ie\/magazine\/wp-content\/uploads\/2026\/08\/Image-4.jpg\"><img loading=\"lazy\" decoding=\"async\" width=\"1024\" height=\"576\" data-id=\"12102\" src=\"https:\/\/alumni.ucd.ie\/magazine\/wp-content\/uploads\/2026\/08\/Image-4-1024x576.jpg\" alt=\"UCD President, Prof. Orla Feely with UCD alumni at BAFTA 195 Piccadilly.\" class=\"wp-image-12102\" srcset=\"https:\/\/alumni.ucd.ie\/magazine\/wp-content\/uploads\/2026\/08\/Image-4-1024x576.jpg 1024w, https:\/\/alumni.ucd.ie\/magazine\/wp-content\/uploads\/2026\/08\/Image-4-300x169.jpg 300w, https:\/\/alumni.ucd.ie\/magazine\/wp-content\/uploads\/2026\/08\/Image-4-768x432.jpg 768w, https:\/\/alumni.ucd.ie\/magazine\/wp-content\/uploads\/2026\/08\/Image-4.jpg 1200w\" sizes=\"auto, (max-width: 1024px) 100vw, 1024px\" \/><\/a><figcaption class=\"wp-element-caption\">UCD President, Prof. Orla Feely with UCD alumni at BAFTA 195 Piccadilly.<\/figcaption><\/figure>\n<\/figure>\n\n\n\n<h2 class=\"wp-block-heading\">FRANCE<\/h2>\n\n\n\n<h4 class=\"wp-block-heading\">Paris<\/h4>\n\n\n\n<p class=\"wp-block-paragraph\">Alumni in France gathered for two events at the Centre Culturel Irlandais in Paris. 25 alumni and Erasmus students attended a networking event in October 2025 aimed at supporting students and recent arrivals to France. In January 2026, 30 alumni attended the annual Newman Debate, on the motion &#8220;This House is in Praise of Idleness.&#8221;<\/p>\n\n\n\n<h4 class=\"wp-block-heading\">Watch Parties<\/h4>\n\n\n\n<p class=\"wp-block-paragraph\">Approximately 80 alumni across Boston, Paris, and London gathered to watch Ireland vs New Zealand with our UCD Chapter Representatives in November. In February, the Dubai UCD Alumni Chapter organised a Six Nations Watch Party at McGettigan&#8217;s Ibn Battuta Gate, Dubai, to cheer on Ireland vs England.<\/p>\n\n\n\n<p class=\"wp-block-paragraph\">\u25a0 <a href=\"https:\/\/www.ucd.ie\/alumni\/get-involved\/global-community\/\" target=\"_blank\" rel=\"noreferrer noopener nofollow\">ucd.ie\/alumni\/get-involved\/global-community\/<\/a><\/p>\n\n\n\n<figure class=\"wp-block-gallery has-nested-images columns-default is-cropped wp-block-gallery-5 is-layout-flex wp-block-gallery-is-layout-flex\">\n<figure class=\"wp-block-image size-large\"><a href=\"https:\/\/alumni.ucd.ie\/magazine\/wp-content\/uploads\/2026\/08\/Image-1-3.jpg\"><img loading=\"lazy\" decoding=\"async\" width=\"1024\" height=\"350\" data-id=\"12103\" src=\"https:\/\/alumni.ucd.ie\/magazine\/wp-content\/uploads\/2026\/08\/Image-1-3-1024x350.jpg\" alt=\"Alumni and Erasmus students at the Paris annual picnic.\" class=\"wp-image-12103\" srcset=\"https:\/\/alumni.ucd.ie\/magazine\/wp-content\/uploads\/2026\/08\/Image-1-3-1024x350.jpg 1024w, https:\/\/alumni.ucd.ie\/magazine\/wp-content\/uploads\/2026\/08\/Image-1-3-300x103.jpg 300w, https:\/\/alumni.ucd.ie\/magazine\/wp-content\/uploads\/2026\/08\/Image-1-3-768x262.jpg 768w, https:\/\/alumni.ucd.ie\/magazine\/wp-content\/uploads\/2026\/08\/Image-1-3.jpg 1200w\" sizes=\"auto, (max-width: 1024px) 100vw, 1024px\" \/><\/a><figcaption class=\"wp-element-caption\">Alumni and Erasmus students at the Paris annual picnic.<\/figcaption><\/figure>\n\n\n\n<figure class=\"wp-block-image size-large\"><a href=\"https:\/\/alumni.ucd.ie\/magazine\/wp-content\/uploads\/2026\/08\/Image-1_-1.jpg\"><img loading=\"lazy\" decoding=\"async\" width=\"1024\" height=\"550\" data-id=\"12104\" src=\"https:\/\/alumni.ucd.ie\/magazine\/wp-content\/uploads\/2026\/08\/Image-1_-1-1024x550.jpg\" alt=\"UCD alumni at the annual Newman Debate in Paris.\" class=\"wp-image-12104\" srcset=\"https:\/\/alumni.ucd.ie\/magazine\/wp-content\/uploads\/2026\/08\/Image-1_-1-1024x550.jpg 1024w, https:\/\/alumni.ucd.ie\/magazine\/wp-content\/uploads\/2026\/08\/Image-1_-1-300x161.jpg 300w, https:\/\/alumni.ucd.ie\/magazine\/wp-content\/uploads\/2026\/08\/Image-1_-1-768x413.jpg 768w, https:\/\/alumni.ucd.ie\/magazine\/wp-content\/uploads\/2026\/08\/Image-1_-1.jpg 1200w\" sizes=\"auto, (max-width: 1024px) 100vw, 1024px\" \/><\/a><figcaption class=\"wp-element-caption\">UCD alumni at the annual Newman Debate in Paris.<\/figcaption><\/figure>\n<\/figure>\n","protected":false},"excerpt":{"rendered":"<p>NORTH AMERICA Chicago 140 alumni arrived at The Gage in October for an exclusive fireside chat with Jacques Nienaber, in collaboration with Leinster Rugby. The event took place on the eve of the Ireland vs New Zealand match in Chicago, and a lucky raffle winner went home with a signed Leinster jersey. Attendees were welcomed&#8230;<\/p>\n","protected":false},"featured_media":12108,"template":"","event_categories":[247],"class_list":["post-11453","events","type-events","status-publish","has-post-thumbnail","hentry","event_categories-247"],"acf":[],"yoast_head":"<!-- This site is optimized with the Yoast SEO plugin v28.3 - https:\/\/yoast.com\/product\/yoast-seo-wordpress\/ -->\n<title>Global - 2026 Alumni Relations - UCD Connections<\/title>\n<meta name=\"robots\" content=\"index, follow, max-snippet:-1, max-image-preview:large, max-video-preview:-1\" \/>\n<link rel=\"canonical\" href=\"https:\/\/alumni.ucd.ie\/magazine\/events\/global-2026\/\" \/>\n<meta property=\"og:locale\" content=\"en_GB\" \/>\n<meta property=\"og:type\" content=\"article\" \/>\n<meta property=\"og:title\" content=\"Global - 2026 Alumni Relations - UCD Connections\" \/>\n<meta property=\"og:description\" content=\"NORTH AMERICA Chicago 140 alumni arrived at The Gage in October for an exclusive fireside chat with Jacques Nienaber, in collaboration with Leinster Rugby. The event took place on the eve of the Ireland vs New Zealand match in Chicago, and a lucky raffle winner went home with a signed Leinster jersey. Attendees were welcomed...\" \/>\n<meta property=\"og:url\" content=\"https:\/\/alumni.ucd.ie\/magazine\/events\/global-2026\/\" \/>\n<meta property=\"og:site_name\" content=\"UCD Connections\" \/>\n<meta property=\"article:publisher\" content=\"http:\/\/www.facebook.com\/UCD.Alumni\" \/>\n<meta property=\"article:modified_time\" content=\"2026-08-26T10:29:20+00:00\" \/>\n<meta property=\"og:image\" content=\"https:\/\/alumni.ucd.ie\/magazine\/wp-content\/uploads\/2026\/08\/Copy-of-Gregory-Harrington-at-the-UCD-Business-Alumni-Event-in-New-York.jpg\" \/>\n\t<meta property=\"og:image:width\" content=\"1200\" \/>\n\t<meta property=\"og:image:height\" content=\"800\" \/>\n\t<meta property=\"og:image:type\" content=\"image\/jpeg\" \/>\n<meta name=\"twitter:card\" content=\"summary_large_image\" \/>\n<meta name=\"twitter:label1\" content=\"Estimated reading time\" \/>\n\t<meta name=\"twitter:data1\" content=\"13 minutes\" \/>\n<script type=\"application\/ld+json\" class=\"yoast-schema-graph\">{\"@context\":\"https:\\\/\\\/schema.org\",\"@graph\":[{\"@type\":\"WebPage\",\"@id\":\"https:\\\/\\\/alumni.ucd.ie\\\/magazine\\\/events\\\/global-2026\\\/\",\"url\":\"https:\\\/\\\/alumni.ucd.ie\\\/magazine\\\/events\\\/global-2026\\\/\",\"name\":\"Global - 2026 Alumni Relations - UCD Connections\",\"isPartOf\":{\"@id\":\"https:\\\/\\\/alumni.ucd.ie\\\/magazine\\\/#website\"},\"primaryImageOfPage\":{\"@id\":\"https:\\\/\\\/alumni.ucd.ie\\\/magazine\\\/events\\\/global-2026\\\/#primaryimage\"},\"image\":{\"@id\":\"https:\\\/\\\/alumni.ucd.ie\\\/magazine\\\/events\\\/global-2026\\\/#primaryimage\"},\"thumbnailUrl\":\"https:\\\/\\\/alumni.ucd.ie\\\/magazine\\\/wp-content\\\/uploads\\\/2026\\\/08\\\/Copy-of-Gregory-Harrington-at-the-UCD-Business-Alumni-Event-in-New-York.jpg\",\"datePublished\":\"2026-08-19T13:29:54+00:00\",\"dateModified\":\"2026-08-26T10:29:20+00:00\",\"breadcrumb\":{\"@id\":\"https:\\\/\\\/alumni.ucd.ie\\\/magazine\\\/events\\\/global-2026\\\/#breadcrumb\"},\"inLanguage\":\"en-GB\",\"potentialAction\":[{\"@type\":\"ReadAction\",\"target\":[\"https:\\\/\\\/alumni.ucd.ie\\\/magazine\\\/events\\\/global-2026\\\/\"]}]},{\"@type\":\"ImageObject\",\"inLanguage\":\"en-GB\",\"@id\":\"https:\\\/\\\/alumni.ucd.ie\\\/magazine\\\/events\\\/global-2026\\\/#primaryimage\",\"url\":\"https:\\\/\\\/alumni.ucd.ie\\\/magazine\\\/wp-content\\\/uploads\\\/2026\\\/08\\\/Copy-of-Gregory-Harrington-at-the-UCD-Business-Alumni-Event-in-New-York.jpg\",\"contentUrl\":\"https:\\\/\\\/alumni.ucd.ie\\\/magazine\\\/wp-content\\\/uploads\\\/2026\\\/08\\\/Copy-of-Gregory-Harrington-at-the-UCD-Business-Alumni-Event-in-New-York.jpg\",\"width\":1200,\"height\":800,\"caption\":\"Gregory Harrington at the UCD Business Alumni event in New York.\"},{\"@type\":\"BreadcrumbList\",\"@id\":\"https:\\\/\\\/alumni.ucd.ie\\\/magazine\\\/events\\\/global-2026\\\/#breadcrumb\",\"itemListElement\":[{\"@type\":\"ListItem\",\"position\":1,\"name\":\"Home\",\"item\":\"https:\\\/\\\/alumni.ucd.ie\\\/magazine\\\/\"},{\"@type\":\"ListItem\",\"position\":2,\"name\":\"Events\",\"item\":\"https:\\\/\\\/alumni.ucd.ie\\\/magazine\\\/events\\\/\"},{\"@type\":\"ListItem\",\"position\":3,\"name\":\"Global\"}]},{\"@type\":\"WebSite\",\"@id\":\"https:\\\/\\\/alumni.ucd.ie\\\/magazine\\\/#website\",\"url\":\"https:\\\/\\\/alumni.ucd.ie\\\/magazine\\\/\",\"name\":\"UCD Connections\",\"description\":\"\",\"publisher\":{\"@id\":\"https:\\\/\\\/alumni.ucd.ie\\\/magazine\\\/#organization\"},\"potentialAction\":[{\"@type\":\"SearchAction\",\"target\":{\"@type\":\"EntryPoint\",\"urlTemplate\":\"https:\\\/\\\/alumni.ucd.ie\\\/magazine\\\/?s={search_term_string}\"},\"query-input\":{\"@type\":\"PropertyValueSpecification\",\"valueRequired\":true,\"valueName\":\"search_term_string\"}}],\"inLanguage\":\"en-GB\"},{\"@type\":\"Organization\",\"@id\":\"https:\\\/\\\/alumni.ucd.ie\\\/magazine\\\/#organization\",\"name\":\"UCD Connections - Alumni Magazine\",\"url\":\"https:\\\/\\\/alumni.ucd.ie\\\/magazine\\\/\",\"logo\":{\"@type\":\"ImageObject\",\"inLanguage\":\"en-GB\",\"@id\":\"https:\\\/\\\/alumni.ucd.ie\\\/magazine\\\/#\\\/schema\\\/logo\\\/image\\\/\",\"url\":\"https:\\\/\\\/alumni.ucd.ie\\\/magazine\\\/wp-content\\\/uploads\\\/2019\\\/07\\\/UCD-Connections-logo.jpg\",\"contentUrl\":\"https:\\\/\\\/alumni.ucd.ie\\\/magazine\\\/wp-content\\\/uploads\\\/2019\\\/07\\\/UCD-Connections-logo.jpg\",\"width\":312,\"height\":149,\"caption\":\"UCD Connections - Alumni Magazine\"},\"image\":{\"@id\":\"https:\\\/\\\/alumni.ucd.ie\\\/magazine\\\/#\\\/schema\\\/logo\\\/image\\\/\"},\"sameAs\":[\"http:\\\/\\\/www.facebook.com\\\/UCD.Alumni\",\"https:\\\/\\\/www.instagram.com\\\/ucdalumni\\\/\",\"https:\\\/\\\/www.linkedin.com\\\/in\\\/ucdalumni\",\"http:\\\/\\\/www.youtube.com\\\/user\\\/UCDAlumni1\"]}]}<\/script>\n<!-- \/ Yoast SEO plugin. -->","yoast_head_json":{"title":"Global - 2026 Alumni Relations - UCD Connections","robots":{"index":"index","follow":"follow","max-snippet":"max-snippet:-1","max-image-preview":"max-image-preview:large","max-video-preview":"max-video-preview:-1"},"canonical":"https:\/\/alumni.ucd.ie\/magazine\/events\/global-2026\/","og_locale":"en_GB","og_type":"article","og_title":"Global - 2026 Alumni Relations - UCD Connections","og_description":"NORTH AMERICA Chicago 140 alumni arrived at The Gage in October for an exclusive fireside chat with Jacques Nienaber, in collaboration with Leinster Rugby. The event took place on the eve of the Ireland vs New Zealand match in Chicago, and a lucky raffle winner went home with a signed Leinster jersey. Attendees were welcomed...","og_url":"https:\/\/alumni.ucd.ie\/magazine\/events\/global-2026\/","og_site_name":"UCD Connections","article_publisher":"http:\/\/www.facebook.com\/UCD.Alumni","article_modified_time":"2026-08-26T10:29:20+00:00","og_image":[{"width":1200,"height":800,"url":"https:\/\/alumni.ucd.ie\/magazine\/wp-content\/uploads\/2026\/08\/Copy-of-Gregory-Harrington-at-the-UCD-Business-Alumni-Event-in-New-York.jpg","type":"image\/jpeg"}],"twitter_card":"summary_large_image","twitter_misc":{"Estimated reading time":"13 minutes"},"schema":{"@context":"https:\/\/schema.org","@graph":[{"@type":"WebPage","@id":"https:\/\/alumni.ucd.ie\/magazine\/events\/global-2026\/","url":"https:\/\/alumni.ucd.ie\/magazine\/events\/global-2026\/","name":"Global - 2026 Alumni Relations - UCD Connections","isPartOf":{"@id":"https:\/\/alumni.ucd.ie\/magazine\/#website"},"primaryImageOfPage":{"@id":"https:\/\/alumni.ucd.ie\/magazine\/events\/global-2026\/#primaryimage"},"image":{"@id":"https:\/\/alumni.ucd.ie\/magazine\/events\/global-2026\/#primaryimage"},"thumbnailUrl":"https:\/\/alumni.ucd.ie\/magazine\/wp-content\/uploads\/2026\/08\/Copy-of-Gregory-Harrington-at-the-UCD-Business-Alumni-Event-in-New-York.jpg","datePublished":"2026-08-19T13:29:54+00:00","dateModified":"2026-08-26T10:29:20+00:00","breadcrumb":{"@id":"https:\/\/alumni.ucd.ie\/magazine\/events\/global-2026\/#breadcrumb"},"inLanguage":"en-GB","potentialAction":[{"@type":"ReadAction","target":["https:\/\/alumni.ucd.ie\/magazine\/events\/global-2026\/"]}]},{"@type":"ImageObject","inLanguage":"en-GB","@id":"https:\/\/alumni.ucd.ie\/magazine\/events\/global-2026\/#primaryimage","url":"https:\/\/alumni.ucd.ie\/magazine\/wp-content\/uploads\/2026\/08\/Copy-of-Gregory-Harrington-at-the-UCD-Business-Alumni-Event-in-New-York.jpg","contentUrl":"https:\/\/alumni.ucd.ie\/magazine\/wp-content\/uploads\/2026\/08\/Copy-of-Gregory-Harrington-at-the-UCD-Business-Alumni-Event-in-New-York.jpg","width":1200,"height":800,"caption":"Gregory Harrington at the UCD Business Alumni event in New York."},{"@type":"BreadcrumbList","@id":"https:\/\/alumni.ucd.ie\/magazine\/events\/global-2026\/#breadcrumb","itemListElement":[{"@type":"ListItem","position":1,"name":"Home","item":"https:\/\/alumni.ucd.ie\/magazine\/"},{"@type":"ListItem","position":2,"name":"Events","item":"https:\/\/alumni.ucd.ie\/magazine\/events\/"},{"@type":"ListItem","position":3,"name":"Global"}]},{"@type":"WebSite","@id":"https:\/\/alumni.ucd.ie\/magazine\/#website","url":"https:\/\/alumni.ucd.ie\/magazine\/","name":"UCD Connections","description":"","publisher":{"@id":"https:\/\/alumni.ucd.ie\/magazine\/#organization"},"potentialAction":[{"@type":"SearchAction","target":{"@type":"EntryPoint","urlTemplate":"https:\/\/alumni.ucd.ie\/magazine\/?s={search_term_string}"},"query-input":{"@type":"PropertyValueSpecification","valueRequired":true,"valueName":"search_term_string"}}],"inLanguage":"en-GB"},{"@type":"Organization","@id":"https:\/\/alumni.ucd.ie\/magazine\/#organization","name":"UCD Connections - Alumni Magazine","url":"https:\/\/alumni.ucd.ie\/magazine\/","logo":{"@type":"ImageObject","inLanguage":"en-GB","@id":"https:\/\/alumni.ucd.ie\/magazine\/#\/schema\/logo\/image\/","url":"https:\/\/alumni.ucd.ie\/magazine\/wp-content\/uploads\/2019\/07\/UCD-Connections-logo.jpg","contentUrl":"https:\/\/alumni.ucd.ie\/magazine\/wp-content\/uploads\/2019\/07\/UCD-Connections-logo.jpg","width":312,"height":149,"caption":"UCD Connections - Alumni Magazine"},"image":{"@id":"https:\/\/alumni.ucd.ie\/magazine\/#\/schema\/logo\/image\/"},"sameAs":["http:\/\/www.facebook.com\/UCD.Alumni","https:\/\/www.instagram.com\/ucdalumni\/","https:\/\/www.linkedin.com\/in\/ucdalumni","http:\/\/www.youtube.com\/user\/UCDAlumni1"]}]}},"_links":{"self":[{"href":"https:\/\/alumni.ucd.ie\/magazine\/wp-json\/wp\/v2\/events\/11453","targetHints":{"allow":["GET"]}}],"collection":[{"href":"https:\/\/alumni.ucd.ie\/magazine\/wp-json\/wp\/v2\/events"}],"about":[{"href":"https:\/\/alumni.ucd.ie\/magazine\/wp-json\/wp\/v2\/types\/events"}],"wp:featuredmedia":[{"embeddable":true,"href":"https:\/\/alumni.ucd.ie\/magazine\/wp-json\/wp\/v2\/media\/12108"}],"wp:attachment":[{"href":"https:\/\/alumni.ucd.ie\/magazine\/wp-json\/wp\/v2\/media?parent=11453"}],"wp:term":[{"taxonomy":"event_categories","embeddable":true,"href":"https:\/\/alumni.ucd.ie\/magazine\/wp-json\/wp\/v2\/event_categories?post=11453"}],"curies":[{"name":"wp","href":"https:\/\/api.w.org\/{rel}","templated":true}]}}